{"id":5056,"date":"2021-11-17T19:27:50","date_gmt":"2021-11-17T18:27:50","guid":{"rendered":"https:\/\/www.schulzentrum-stetten-akm.de\/?page_id=5056"},"modified":"2022-01-17T12:16:27","modified_gmt":"2022-01-17T11:16:27","slug":"info-klasse-4","status":"publish","type":"page","link":"https:\/\/www.schulzentrum-stetten-akm.de\/sr\/info-klasse-4\/","title":{"rendered":"Info Klasse 4"},"content":{"rendered":"<p>Aufgrund der aktuell geltenden Alarmstufe und den dadurch bedingten Auflagen, kann der diesj\u00e4hrige Info 4 Elternabend leider nicht wie geplant stattfinden. <br>Alle wichtigen Informationen haben wir hier f\u00fcr Sie hinterlegt. <br>Nat\u00fcrlich stehen wir Ihnen aber auch pers\u00f6nlich f\u00fcr Fragen zur Verf\u00fcgung. Wenden Sie sich dann per Mail an <a href=\"mailto:poststelle@schulzentrum-stetten-akm.de\">poststelle@schulzentrum-stetten-akm.de<\/a> wir versuchen Ihnen so schnell wie m\u00f6glich alle offenen Fragen zu beantworten.<\/p>\n\n\n\n<h2 class=\"has-medium-font-size\"><strong>Allgemeine Information zu den weiterf\u00fchrenden Schulen des Kultusministeriums<\/strong><\/h2>\n<p><a href=\"https:\/\/www.schulzentrum-stetten-akm.de\/wp-content\/uploads\/2021\/11\/2021_Anlage_Grundschulpraesentation_weiterfuehrende_Schularten_mit-Videos.pptx\" target=\"_blank\" rel=\"noopener noreferrer\">Info 4 Pr\u00e4sentation mit Video<\/a>&nbsp;(Pr\u00e4sentation mit Videos &#8211; l\u00e4dt relativ lange)<\/p>\n<p><a href=\"https:\/\/www.schulzentrum-stetten-akm.de\/wp-content\/uploads\/2021\/11\/2021_Anlage-_Grundschulpraesentation_weiterfuehrende_Schularten_ohne-Videos.pptx\">Info 4 Pr\u00e4sentation (ohne Video)<\/a> (Pr\u00e4sentation ohne Video &#8211; l\u00e4dt schneller)<\/p>\n\n\n\n<hr class=\"wp-block-separator\"\/>\n\n\n\n<h2><strong data-rich-text-format-boundary=\"true\">Informationen zu unserer Schule <\/strong><\/h2>\n<p>Bitte anklicken:<\/p>\n<ol>\n<li><a href=\"https:\/\/youtu.be\/aAGtur-Fvao\" target=\"_blank\" rel=\"noreferrer noopener\" aria-label=\"Unsere Sch\u00fclersprecher (Schuljahr 2020-2021) stellen uns vor. (opens in a new tab)\">Unsere ehemaligen Sch\u00fclersprecher geben einen Einblick in unser Schulhaus.<\/a><\/li>\n<li><a href=\"https:\/\/youtu.be\/DQAwnFiILFI\" target=\"_blank\" rel=\"noopener noreferrer\">GMS &#8211; Was erwartet mein Kind?<\/a><\/li>\n<li><a href=\"https:\/\/www.youtube.com\/watch?v=Q9q6HfRfJCU\" target=\"_blank\" rel=\"noopener noreferrer\">Wir sind Gemeinschaft : Schulzsozialarbeit, Schulseelsorge und Coaching<\/a><\/li>\n<li><a href=\"https:\/\/www.youtube.com\/watch?v=3CQgWgpkU3M\" target=\"_blank\" rel=\"noopener noreferrer\">Welche F\u00e4cher hat mein Kind?<\/a><\/li>\n<li><a href=\"https:\/\/youtu.be\/LLFCbfM3moo\" target=\"_blank\" rel=\"noopener noreferrer\">Wege zum Abschluss<\/a><\/li>\n<\/ol>\n\n\n\n<figure class=\"wp-block-gallery columns-3 is-cropped wp-block-gallery-1 is-layout-flex wp-block-gallery-is-layout-flex\"><ul class=\"blocks-gallery-grid\"><li class=\"blocks-gallery-item\"><figure><img loading=\"lazy\" decoding=\"async\" width=\"1024\" height=\"683\" src=\"https:\/\/www.schulzentrum-stetten-akm.de\/wp-content\/uploads\/2021\/11\/IMG_0012-1024x683.jpg\" alt=\"\" data-id=\"5073\" data-full-url=\"https:\/\/www.schulzentrum-stetten-akm.de\/wp-content\/uploads\/2021\/11\/IMG_0012-scaled.jpg\" data-link=\"https:\/\/www.schulzentrum-stetten-akm.de\/info-klasse-4\/img_0012-2\/\" class=\"wp-image-5073\" srcset=\"https:\/\/www.schulzentrum-stetten-akm.de\/wp-content\/uploads\/2021\/11\/IMG_0012-1024x683.jpg 1024w, https:\/\/www.schulzentrum-stetten-akm.de\/wp-content\/uploads\/2021\/11\/IMG_0012-300x200.jpg 300w, https:\/\/www.schulzentrum-stetten-akm.de\/wp-content\/uploads\/2021\/11\/IMG_0012-768x512.jpg 768w, https:\/\/www.schulzentrum-stetten-akm.de\/wp-content\/uploads\/2021\/11\/IMG_0012-1536x1024.jpg 1536w, https:\/\/www.schulzentrum-stetten-akm.de\/wp-content\/uploads\/2021\/11\/IMG_0012-scaled.jpg 2048w\" sizes=\"auto, (max-width: 1024px) 100vw, 1024px\" \/><\/figure><\/li><li class=\"blocks-gallery-item\"><figure><img loading=\"lazy\" decoding=\"async\" width=\"1024\" height=\"683\" src=\"https:\/\/www.schulzentrum-stetten-akm.de\/wp-content\/uploads\/2021\/11\/IMG_0019-1024x683.jpg\" alt=\"\" data-id=\"5074\" data-full-url=\"https:\/\/www.schulzentrum-stetten-akm.de\/wp-content\/uploads\/2021\/11\/IMG_0019-scaled.jpg\" data-link=\"https:\/\/www.schulzentrum-stetten-akm.de\/info-klasse-4\/img_0019\/\" class=\"wp-image-5074\" srcset=\"https:\/\/www.schulzentrum-stetten-akm.de\/wp-content\/uploads\/2021\/11\/IMG_0019-1024x683.jpg 1024w, https:\/\/www.schulzentrum-stetten-akm.de\/wp-content\/uploads\/2021\/11\/IMG_0019-300x200.jpg 300w, https:\/\/www.schulzentrum-stetten-akm.de\/wp-content\/uploads\/2021\/11\/IMG_0019-768x512.jpg 768w, https:\/\/www.schulzentrum-stetten-akm.de\/wp-content\/uploads\/2021\/11\/IMG_0019-1536x1024.jpg 1536w, https:\/\/www.schulzentrum-stetten-akm.de\/wp-content\/uploads\/2021\/11\/IMG_0019-scaled.jpg 2048w\" sizes=\"auto, (max-width: 1024px) 100vw, 1024px\" \/><\/figure><\/li><li class=\"blocks-gallery-item\"><figure><img loading=\"lazy\" decoding=\"async\" width=\"1024\" height=\"683\" src=\"https:\/\/www.schulzentrum-stetten-akm.de\/wp-content\/uploads\/2021\/11\/IMG_7788-1024x683.jpg\" alt=\"\" data-id=\"5075\" data-full-url=\"https:\/\/www.schulzentrum-stetten-akm.de\/wp-content\/uploads\/2021\/11\/IMG_7788-scaled.jpg\" data-link=\"https:\/\/www.schulzentrum-stetten-akm.de\/info-klasse-4\/img_7788\/\" class=\"wp-image-5075\" srcset=\"https:\/\/www.schulzentrum-stetten-akm.de\/wp-content\/uploads\/2021\/11\/IMG_7788-1024x683.jpg 1024w, https:\/\/www.schulzentrum-stetten-akm.de\/wp-content\/uploads\/2021\/11\/IMG_7788-300x200.jpg 300w, https:\/\/www.schulzentrum-stetten-akm.de\/wp-content\/uploads\/2021\/11\/IMG_7788-768x512.jpg 768w, https:\/\/www.schulzentrum-stetten-akm.de\/wp-content\/uploads\/2021\/11\/IMG_7788-1536x1024.jpg 1536w, https:\/\/www.schulzentrum-stetten-akm.de\/wp-content\/uploads\/2021\/11\/IMG_7788-scaled.jpg 2048w\" sizes=\"auto, (max-width: 1024px) 100vw, 1024px\" \/><\/figure><\/li><li class=\"blocks-gallery-item\"><figure><img loading=\"lazy\" decoding=\"async\" width=\"1024\" height=\"683\" src=\"https:\/\/www.schulzentrum-stetten-akm.de\/wp-content\/uploads\/2021\/11\/IMG_7857-1024x683.jpg\" alt=\"\" data-id=\"5076\" data-full-url=\"https:\/\/www.schulzentrum-stetten-akm.de\/wp-content\/uploads\/2021\/11\/IMG_7857-scaled.jpg\" data-link=\"https:\/\/www.schulzentrum-stetten-akm.de\/info-klasse-4\/img_7857\/\" class=\"wp-image-5076\" srcset=\"https:\/\/www.schulzentrum-stetten-akm.de\/wp-content\/uploads\/2021\/11\/IMG_7857-1024x683.jpg 1024w, https:\/\/www.schulzentrum-stetten-akm.de\/wp-content\/uploads\/2021\/11\/IMG_7857-300x200.jpg 300w, https:\/\/www.schulzentrum-stetten-akm.de\/wp-content\/uploads\/2021\/11\/IMG_7857-768x512.jpg 768w, https:\/\/www.schulzentrum-stetten-akm.de\/wp-content\/uploads\/2021\/11\/IMG_7857-1536x1024.jpg 1536w, https:\/\/www.schulzentrum-stetten-akm.de\/wp-content\/uploads\/2021\/11\/IMG_7857-scaled.jpg 2048w\" sizes=\"auto, (max-width: 1024px) 100vw, 1024px\" \/><\/figure><\/li><li class=\"blocks-gallery-item\"><figure><img loading=\"lazy\" decoding=\"async\" width=\"683\" height=\"1024\" src=\"https:\/\/www.schulzentrum-stetten-akm.de\/wp-content\/uploads\/2021\/11\/IMG_7867-683x1024.jpg\" alt=\"\" data-id=\"5077\" data-full-url=\"https:\/\/www.schulzentrum-stetten-akm.de\/wp-content\/uploads\/2021\/11\/IMG_7867-scaled.jpg\" data-link=\"https:\/\/www.schulzentrum-stetten-akm.de\/info-klasse-4\/img_7867\/\" class=\"wp-image-5077\" srcset=\"https:\/\/www.schulzentrum-stetten-akm.de\/wp-content\/uploads\/2021\/11\/IMG_7867-683x1024.jpg 683w, https:\/\/www.schulzentrum-stetten-akm.de\/wp-content\/uploads\/2021\/11\/IMG_7867-200x300.jpg 200w, https:\/\/www.schulzentrum-stetten-akm.de\/wp-content\/uploads\/2021\/11\/IMG_7867-768x1152.jpg 768w, https:\/\/www.schulzentrum-stetten-akm.de\/wp-content\/uploads\/2021\/11\/IMG_7867-1024x1536.jpg 1024w, https:\/\/www.schulzentrum-stetten-akm.de\/wp-content\/uploads\/2021\/11\/IMG_7867-scaled.jpg 1365w\" sizes=\"auto, (max-width: 683px) 100vw, 683px\" \/><\/figure><\/li><li class=\"blocks-gallery-item\"><figure><img loading=\"lazy\" decoding=\"async\" width=\"1024\" height=\"683\" src=\"https:\/\/www.schulzentrum-stetten-akm.de\/wp-content\/uploads\/2021\/11\/IMG_9595-1024x683.jpg\" alt=\"\" data-id=\"5078\" data-full-url=\"https:\/\/www.schulzentrum-stetten-akm.de\/wp-content\/uploads\/2021\/11\/IMG_9595-scaled.jpg\" data-link=\"https:\/\/www.schulzentrum-stetten-akm.de\/info-klasse-4\/img_9595\/\" class=\"wp-image-5078\" srcset=\"https:\/\/www.schulzentrum-stetten-akm.de\/wp-content\/uploads\/2021\/11\/IMG_9595-1024x683.jpg 1024w, https:\/\/www.schulzentrum-stetten-akm.de\/wp-content\/uploads\/2021\/11\/IMG_9595-300x200.jpg 300w, https:\/\/www.schulzentrum-stetten-akm.de\/wp-content\/uploads\/2021\/11\/IMG_9595-768x512.jpg 768w, https:\/\/www.schulzentrum-stetten-akm.de\/wp-content\/uploads\/2021\/11\/IMG_9595-1536x1024.jpg 1536w, https:\/\/www.schulzentrum-stetten-akm.de\/wp-content\/uploads\/2021\/11\/IMG_9595-scaled.jpg 2048w\" sizes=\"auto, (max-width: 1024px) 100vw, 1024px\" \/><\/figure><\/li><li class=\"blocks-gallery-item\"><figure><img loading=\"lazy\" decoding=\"async\" width=\"1024\" height=\"683\" src=\"https:\/\/www.schulzentrum-stetten-akm.de\/wp-content\/uploads\/2021\/11\/IMG_9984-1024x683.jpg\" alt=\"\" data-id=\"5079\" data-full-url=\"https:\/\/www.schulzentrum-stetten-akm.de\/wp-content\/uploads\/2021\/11\/IMG_9984-scaled.jpg\" data-link=\"https:\/\/www.schulzentrum-stetten-akm.de\/info-klasse-4\/img_9984\/\" class=\"wp-image-5079\" srcset=\"https:\/\/www.schulzentrum-stetten-akm.de\/wp-content\/uploads\/2021\/11\/IMG_9984-1024x683.jpg 1024w, https:\/\/www.schulzentrum-stetten-akm.de\/wp-content\/uploads\/2021\/11\/IMG_9984-300x200.jpg 300w, https:\/\/www.schulzentrum-stetten-akm.de\/wp-content\/uploads\/2021\/11\/IMG_9984-768x512.jpg 768w, https:\/\/www.schulzentrum-stetten-akm.de\/wp-content\/uploads\/2021\/11\/IMG_9984-1536x1024.jpg 1536w, https:\/\/www.schulzentrum-stetten-akm.de\/wp-content\/uploads\/2021\/11\/IMG_9984-scaled.jpg 2048w\" sizes=\"auto, (max-width: 1024px) 100vw, 1024px\" \/><\/figure><\/li><li class=\"blocks-gallery-item\"><figure><img loading=\"lazy\" decoding=\"async\" width=\"1024\" height=\"682\" src=\"https:\/\/www.schulzentrum-stetten-akm.de\/wp-content\/uploads\/2021\/09\/Foto-Einschulung-f\u00fcr-Homepage-1024x682.jpg\" alt=\"\" data-id=\"4958\" data-full-url=\"https:\/\/www.schulzentrum-stetten-akm.de\/wp-content\/uploads\/2021\/09\/Foto-Einschulung-f\u00fcr-Homepage-scaled.jpg\" data-link=\"https:\/\/www.schulzentrum-stetten-akm.de\/einschulungsfeier-der-neuen-lerngruppen-5\/foto-einschulung-fuer-homepage\/\" class=\"wp-image-4958\" srcset=\"https:\/\/www.schulzentrum-stetten-akm.de\/wp-content\/uploads\/2021\/09\/Foto-Einschulung-f\u00fcr-Homepage-1024x682.jpg 1024w, https:\/\/www.schulzentrum-stetten-akm.de\/wp-content\/uploads\/2021\/09\/Foto-Einschulung-f\u00fcr-Homepage-300x200.jpg 300w, https:\/\/www.schulzentrum-stetten-akm.de\/wp-content\/uploads\/2021\/09\/Foto-Einschulung-f\u00fcr-Homepage-768x512.jpg 768w, https:\/\/www.schulzentrum-stetten-akm.de\/wp-content\/uploads\/2021\/09\/Foto-Einschulung-f\u00fcr-Homepage-1536x1023.jpg 1536w, https:\/\/www.schulzentrum-stetten-akm.de\/wp-content\/uploads\/2021\/09\/Foto-Einschulung-f\u00fcr-Homepage-scaled.jpg 2048w, https:\/\/www.schulzentrum-stetten-akm.de\/wp-content\/uploads\/2021\/09\/Foto-Einschulung-f\u00fcr-Homepage-700x465.jpg 700w\" sizes=\"auto, (max-width: 1024px) 100vw, 1024px\" \/><\/figure><\/li><li class=\"blocks-gallery-item\"><figure><img loading=\"lazy\" decoding=\"async\" width=\"768\" height=\"1024\" src=\"https:\/\/www.schulzentrum-stetten-akm.de\/wp-content\/uploads\/2019\/12\/Nikolaus1-768x1024.jpg\" alt=\"\" data-id=\"933\" data-full-url=\"https:\/\/www.schulzentrum-stetten-akm.de\/wp-content\/uploads\/2019\/12\/Nikolaus1-scaled.jpg\" data-link=\"https:\/\/www.schulzentrum-stetten-akm.de\/von-drauss-vom-walde-komm-ich-her\/nikolaus1\/\" class=\"wp-image-933\" srcset=\"https:\/\/www.schulzentrum-stetten-akm.de\/wp-content\/uploads\/2019\/12\/Nikolaus1-768x1024.jpg 768w, https:\/\/www.schulzentrum-stetten-akm.de\/wp-content\/uploads\/2019\/12\/Nikolaus1-225x300.jpg 225w, https:\/\/www.schulzentrum-stetten-akm.de\/wp-content\/uploads\/2019\/12\/Nikolaus1-1152x1536.jpg 1152w, https:\/\/www.schulzentrum-stetten-akm.de\/wp-content\/uploads\/2019\/12\/Nikolaus1-scaled.jpg 1536w\" sizes=\"auto, (max-width: 768px) 100vw, 768px\" \/><\/figure><\/li><\/ul><\/figure>","protected":false},"excerpt":{"rendered":"<p>Aufgrund der aktuell geltenden Alarmstufe und den dadurch bedingten Auflagen, kann der diesj\u00e4hrige Info 4 Elternabend leider nicht wie geplant stattfinden. Alle wichtigen Informationen haben wir hier f\u00fcr Sie hinterlegt. &hellip; <\/p>","protected":false},"author":1,"featured_media":0,"parent":0,"menu_order":0,"comment_status":"closed","ping_status":"closed","template":"","meta":{"footnotes":""},"class_list":["post-5056","page","type-page","status-publish","hentry"],"_links":{"self":[{"href":"https:\/\/www.schulzentrum-stetten-akm.de\/sr\/wp-json\/wp\/v2\/pages\/5056","targetHints":{"allow":["GET"]}}],"collection":[{"href":"https:\/\/www.schulzentrum-stetten-akm.de\/sr\/wp-json\/wp\/v2\/pages"}],"about":[{"href":"https:\/\/www.schulzentrum-stetten-akm.de\/sr\/wp-json\/wp\/v2\/types\/page"}],"author":[{"embeddable":true,"href":"https:\/\/www.schulzentrum-stetten-akm.de\/sr\/wp-json\/wp\/v2\/users\/1"}],"replies":[{"embeddable":true,"href":"https:\/\/www.schulzentrum-stetten-akm.de\/sr\/wp-json\/wp\/v2\/comments?post=5056"}],"version-history":[{"count":9,"href":"https:\/\/www.schulzentrum-stetten-akm.de\/sr\/wp-json\/wp\/v2\/pages\/5056\/revisions"}],"predecessor-version":[{"id":5114,"href":"https:\/\/www.schulzentrum-stetten-akm.de\/sr\/wp-json\/wp\/v2\/pages\/5056\/revisions\/5114"}],"wp:attachment":[{"href":"https:\/\/www.schulzentrum-stetten-akm.de\/sr\/wp-json\/wp\/v2\/media?parent=5056"}],"curies":[{"name":"wp","href":"https:\/\/api.w.org\/{rel}","templated":true}]}}