{"id":6778,"date":"2024-04-07T18:24:20","date_gmt":"2024-04-07T16:24:20","guid":{"rendered":"https:\/\/www.schulzentrum-stetten-akm.de\/?page_id=6778"},"modified":"2025-07-21T11:25:24","modified_gmt":"2025-07-21T09:25:24","slug":"berufsorientierung-am-schulzentrum","status":"publish","type":"page","link":"https:\/\/www.schulzentrum-stetten-akm.de\/ru\/berufsorientierung-am-schulzentrum\/","title":{"rendered":"Berufsorientierung am Schulzentrum"},"content":{"rendered":"<p>In der beruflichen Orientierung unterst\u00fctzen wir gemeinsam mit den Lernpartnerinnen und Lernpartnern das Finden, Fordern und F\u00f6rdern von Talenten und Potenzialen. Unser Ziel ist es, als Talentschmiede zu agieren und eine fundierte Berufswahlentscheidung vorzubereiten.<br>Bereits ab Lernstufe 5 bieten wir ein Konzept zur beruflichen Orientierung an, um ein breites Spektrum an Berufen kennenzulernen und erste Arbeitserfahrungen zu sammeln. W\u00e4hrend der gesamten Schullaufbahn am Schulzentrum Stetten durchlaufen die Lernpartnerinnen und Lernpartner im Unterricht, aber auch in Praktika und Kooperationen verschiedene Ma\u00dfnahmen zur Berufsorientierung, um Informations- und Beratungsangebote kennenzulernen und erste Kontakte in der Arbeitswelt zu kn\u00fcpfen.<\/p>\n\n\n\n<div class=\"wp-block-query is-layout-flow wp-block-query-is-layout-flow\"><ul class=\"wp-block-post-template is-layout-flow wp-block-post-template-is-layout-flow\"><li class=\"wp-block-post post-8921 post type-post status-publish format-standard hentry category-berufsorientierung category-allgemein category-veranstaltungen\">\n\n<div class=\"wp-block-columns alignwide is-layout-flex wp-container-core-columns-is-layout-1 wp-block-columns-is-layout-flex\">\n<div class=\"wp-block-column is-layout-flow wp-block-column-is-layout-flow\" style=\"flex-basis:66.66%\"><\/div>\n\n\n\n<div class=\"wp-block-column is-layout-flow wp-block-column-is-layout-flow\" style=\"flex-basis:33.33%\"><h2 class=\"wp-block-post-title\"><a href=\"https:\/\/www.schulzentrum-stetten-akm.de\/ru\/schueler-trifft-azubi-einblicke-in-die-berufswelt\/\" target=\"_self\" >Sch\u00fcler trifft Azubi: Einblicke in die Berufswelt<\/a><\/h2>\n\n<div class=\"wp-block-post-excerpt\"><p class=\"wp-block-post-excerpt__excerpt\">Am 21. April fand am Schulzentrum Stetten die Veranstaltung \u201eSch\u00fcler trifft Azubi\u201c f\u00fcr die Lerngruppen 8 bis 10 statt. Ziel ist es, den Sch\u00fclerinnen und Sch\u00fclern praxisnahe Einblicke in verschiedene &hellip; <\/p><\/div><\/div>\n<\/div>\n\n<\/li><li class=\"wp-block-post post-8887 post type-post status-publish format-standard has-post-thumbnail hentry category-berufsorientierung category-allgemein category-exkursionen-und-lerngaenge\">\n\n<div class=\"wp-block-columns alignwide is-layout-flex wp-container-core-columns-is-layout-2 wp-block-columns-is-layout-flex\">\n<div class=\"wp-block-column is-layout-flow wp-block-column-is-layout-flow\" style=\"flex-basis:66.66%\"><figure class=\"wp-block-post-featured-image\"><a href=\"https:\/\/www.schulzentrum-stetten-akm.de\/ru\/einblick-ins-krankenhausleben\/\" target=\"_self\"  ><img loading=\"lazy\" decoding=\"async\" width=\"1536\" height=\"2048\" src=\"https:\/\/www.schulzentrum-stetten-akm.de\/wp-content\/uploads\/2026\/03\/20260226_085604-scaled.jpg\" class=\"attachment-post-thumbnail size-post-thumbnail wp-post-image\" alt=\"Einblick ins Krankenhausleben\" style=\"object-fit:cover;\" srcset=\"https:\/\/www.schulzentrum-stetten-akm.de\/wp-content\/uploads\/2026\/03\/20260226_085604-scaled.jpg 1536w, https:\/\/www.schulzentrum-stetten-akm.de\/wp-content\/uploads\/2026\/03\/20260226_085604-225x300.jpg 225w, https:\/\/www.schulzentrum-stetten-akm.de\/wp-content\/uploads\/2026\/03\/20260226_085604-768x1024.jpg 768w, https:\/\/www.schulzentrum-stetten-akm.de\/wp-content\/uploads\/2026\/03\/20260226_085604-1152x1536.jpg 1152w, https:\/\/www.schulzentrum-stetten-akm.de\/wp-content\/uploads\/2026\/03\/20260226_085604-9x12.jpg 9w\" sizes=\"auto, (max-width: 1536px) 100vw, 1536px\" \/><\/a><\/figure><\/div>\n\n\n\n<div class=\"wp-block-column is-layout-flow wp-block-column-is-layout-flow\" style=\"flex-basis:33.33%\"><h2 class=\"wp-block-post-title\"><a href=\"https:\/\/www.schulzentrum-stetten-akm.de\/ru\/einblick-ins-krankenhausleben\/\" target=\"_self\" >Einblick ins Krankenhausleben<\/a><\/h2>\n\n<div class=\"wp-block-post-excerpt\"><p class=\"wp-block-post-excerpt__excerpt\">Auch in diesem Schuljahr besuchten die Siebtkl\u00e4ssler das SRH-Klinikum. Begleitet wurden sie von ihren Lerngruppenbegleitungen Herr Rapp (7.1), Frau Hameister (7.2) und Frau Reinberger (7.3). Frau Berger, die die Organisation &hellip; <\/p><\/div><\/div>\n<\/div>\n\n<\/li><\/ul><\/div>\n\n\n\n<p><a href=\"https:\/\/www.schulzentrum-stetten-akm.de\/ru\/\u043a\u0430\u0442\u0435\u0433\u043e\u0440\u0438\u044f\/berufsorientierung\/\">weitere Artikel aus dem Bereich der Berufsorientierung #BO<\/a><\/p>\n\n\n\n<h2 class=\"wp-block-heading\">Praktika<\/h2>\n\n\n\n<p>Die Lernpartnerinnen und Lernpartner des Schulzentrum Stetten a.k.M. durchlaufen w\u00e4hrend ihrer gesamten Schullaufbahn verschiedene Praktika.<\/p>\n\n\n\n<figure class=\"wp-block-table\"><table><tbody><tr><td class=\"has-text-align-center\" data-align=\"center\"><\/td><td class=\"has-text-align-center\" data-align=\"center\"><strong>\u00dcbersicht Praktika<\/strong><\/td><td class=\"has-text-align-center\" data-align=\"center\"><\/td><\/tr><tr><td class=\"has-text-align-center\" data-align=\"center\"><strong>Stufe 7<\/strong><\/td><td class=\"has-text-align-center\" data-align=\"center\"><strong>Stufe 8<\/strong><\/td><td class=\"has-text-align-center\" data-align=\"center\"><strong>Stufe 9<\/strong><\/td><\/tr><tr><td class=\"has-text-align-center\" data-align=\"center\">Tagespraktikum im famili\u00e4ren Umfeld<\/td><td class=\"has-text-align-center\" data-align=\"center\">Einw\u00f6chiges Betriebspraktikum<\/td><td class=\"has-text-align-center\" data-align=\"center\">Einw\u00f6chiges Betriebspraktikum<\/td><\/tr><\/tbody><\/table><\/figure>\n\n\n\n<p>Neben den verpflichtenden Praktika k\u00f6nnen freiwillige Praktika in den Ferien und nach Absprache auch w\u00e4hrend der Schulzeit absolviert werden. F\u00fcr die Praxiserfahrungen ist eine Haftpflichtversicherung erforderlich, die das Risiko m\u00f6glicher Haftpflichtsch\u00e4den w\u00e4hrend des Praktikums \u00fcbernimmt.<br>F\u00fcr alle Praktika ist ein Meldebogen erforderlich. Der Meldebogen informiert die Erziehungsberechtigten und die Praktikumsstelle und muss in der Schule abgegeben werden.<br><\/p>\n\n\n\n<p>Diesen finden Sie hier:<br>&#8211; <a href=\"https:\/\/www.schulzentrum-stetten-akm.de\/wp-content\/uploads\/2025\/07\/BO-Meldebogen-Klasse-7-Reinberger.pdf\" data-type=\"attachment\" data-id=\"8294\">Meldebogen 7 &#8211; PDF<\/a><br>&#8211; <a href=\"https:\/\/www.schulzentrum-stetten-akm.de\/wp-content\/uploads\/2025\/07\/BO-Meldebogen-Klasse-8-Reinberger.pdf\" data-type=\"attachment\" data-id=\"8295\">Meldebogen 8 &#8211; PDF<\/a><br>&#8211; <a href=\"https:\/\/www.schulzentrum-stetten-akm.de\/wp-content\/uploads\/2025\/07\/BO-Meldebogen-Klasse-9-Reinberger.pdf\" data-type=\"attachment\" data-id=\"8296\">Meldebogen 9 &#8211; PDF<\/a><br>&#8211; <a href=\"https:\/\/www.schulzentrum-stetten-akm.de\/wp-content\/uploads\/2025\/07\/BO-Meldebogen-freiwillig.pdf\" data-type=\"attachment\" data-id=\"8293\">Meldebogen Ferienpraktika &#8211; PDF<\/a><\/p>\n\n\n\n<h2 class=\"wp-block-heading\">\u041f\u0440\u043e\u0444\u0435\u0441\u0441\u0438\u043e\u043d\u0430\u043b\u044c\u043d\u0430\u044f \u043e\u0440\u0438\u0435\u043d\u0442\u0430\u0446\u0438\u044f<\/h2>\n\n\n\n<p>Die Berufsberatung hilft euch bei der beruflichen Orientierung und Entscheidung. Sie entwickelt gemeinsam mit dir berufliche Alternativen und unterst\u00fctzt dich dabei, deinen jeweiligen Berufswunsch zu realisieren.<br>Frau Caroline Last von der Berufsberatung der Agentur f\u00fcr Arbeit ist dein pers\u00f6nlicher Ansprechpartner bei Fragen rund um die Berufswahl.<br>Sie unterst\u00fctz euch gerne unter anderem bei folgenden Anliegen:<\/p>\n\n\n\n<p>\u25aa eine Orientierung zu erhalten, welche M\u00f6glichkeiten es nach der Schule gibt<br>\u25aa im individuellen Einzelgespr\u00e4ch die W\u00fcnsche und Vorstellungen zu besprochen<br>\u25aa Unterst\u00fctzung bei der Ausbildungsplatzsuche<br>\u25aa Informationen zum Ausbildungsmarkt<br>\u25aa Fragen zu Bewerbungen und zum Vorstellungsgespr\u00e4ch<br>\u25aa Hilfe und Unterst\u00fctzung bei besonderen Situationen<\/p>\n\n\n\n<p>Im pers\u00f6nlichen Beratungsgespr\u00e4ch kannst du alle deine Fragen stellen.<br><\/p>\n\n\n\n<p><strong>\u041a\u043e\u043d\u0442\u0430\u043a\u0442:<\/strong><br>Frau Caroline Last<br>Email: <a href=\"mailto:balingen.berufsberatung@arbeitsagentur.de\">balingen.berufsberatung@arbeitsagentur.de<\/a><\/p>\n\n\n\n<figure class=\"wp-block-image size-full is-resized is-style-default\"><img loading=\"lazy\" decoding=\"async\" width=\"1411\" height=\"2048\" src=\"https:\/\/www.schulzentrum-stetten-akm.de\/wp-content\/uploads\/2024\/11\/Bild-Berufsberatung-scaled.jpg\" alt=\"\" class=\"wp-image-7568\" style=\"width:233px;height:auto\" srcset=\"https:\/\/www.schulzentrum-stetten-akm.de\/wp-content\/uploads\/2024\/11\/Bild-Berufsberatung-scaled.jpg 1411w, https:\/\/www.schulzentrum-stetten-akm.de\/wp-content\/uploads\/2024\/11\/Bild-Berufsberatung-207x300.jpg 207w, https:\/\/www.schulzentrum-stetten-akm.de\/wp-content\/uploads\/2024\/11\/Bild-Berufsberatung-706x1024.jpg 706w, https:\/\/www.schulzentrum-stetten-akm.de\/wp-content\/uploads\/2024\/11\/Bild-Berufsberatung-768x1115.jpg 768w, https:\/\/www.schulzentrum-stetten-akm.de\/wp-content\/uploads\/2024\/11\/Bild-Berufsberatung-1058x1536.jpg 1058w, https:\/\/www.schulzentrum-stetten-akm.de\/wp-content\/uploads\/2024\/11\/Bild-Berufsberatung-8x12.jpg 8w\" sizes=\"auto, (max-width: 1411px) 100vw, 1411px\" \/><\/figure>\n\n\n\n<h2 class=\"wp-block-heading\">Kooperationspartner<\/h2>\n\n\n\n<p>Die \u00dcbersicht folgt.<\/p>\n\n\n\n<h2 class=\"wp-block-heading\">\u00dcbersicht aller BO-Ma\u00dfnahmen nach Jahrg\u00e4ngen<\/h2>\n\n\n\n<figure class=\"wp-block-table\"><table><tbody><tr><td><strong>LG 5\/6<\/strong><\/td><td>&#8211; Waldprojekt: Erkundung eines prim\u00e4ren Wirtschaftssektors (F\u00f6rster)<br>&#8211; Freiwillige Teilnahme Girls\/ Boys Day<\/td><\/tr><tr><td><strong>LG 7<\/strong><\/td><td>&#8211; Tagespraktikum im famili\u00e4ren Umfeld (VwV BO; 3)<br>&#8211; Betriebsbesichtigung SRH-Klinik (Pflegeberufe)<br>&#8211; Schulbesuch mit digitalem Werkzeugkoffer (Bauwirtschaft: Bau &#8211; dein Ding)<br>&#8211; Vorstellung der Berufsberatung in den Klassen<br>&#8211; BO-Unterricht \u201e16 Berufsfelder &amp; Berufe entdecken\u201c durch die Berufsberatung<br>&#8211; Einf\u00fchrung BO-Ordner\/ ab 2024 Berufswahlapp<br>&#8211; Freiwillige Teilnahme Girls\/ Boys Day<\/td><\/tr><tr><td><strong>LG 8<\/strong><\/td><td>&#8211; Einw\u00f6chiges Betriebspraktikum<br>&#8211; Tag der beruflichen Orientierung \u201eSch\u00fcler trifft Azubi\u201c (VwV BO 2.3 und VwV BO 3.1.2)<br>&#8211; Besuch der Stettener Jobb\u00f6rse mit verschiedenen Bildungspartnern<br>&#8211; Schulbesuch vom GastroMobil (Dehoga)<br>&#8211; BauBerufe im interaktiven BauTrailer erkunden (Bauwirtschaft: Bau &#8211; dein Ding)<br>&#8211; Schulbesuch DISCOVER INDUSTRY TRUCK (Coaching4future)<br>&#8211; Kompetenzanalyse Profil AC<br>&#8211; BO-Elternabend<br>&#8211; BO-Unterricht \u201eWege nach dem HSA\u201c durch die Berufsberatung<br>&#8211; BO-Unterricht \u201eBewerbungen\u201c durch die Berufsberatung<br>&#8211; Individuelle Beratungsgespr\u00e4che durch die Berufsberatung<br>&#8211; Praktikumsunterst\u00fctzung durch die Berufsberatung<br>&#8211; Freiwillige Teilnahme Girls\/ Boys Day<br>&#8211; Freiwillige Teilnahme work@SIG (ab 13 Jahren)<\/td><\/tr><tr><td><strong>LG 9<\/strong><\/td><td>&#8211; Einw\u00f6chiges Betriebspraktikum<br>&#8211; Tag der beruflichen Orientierung \u201eSch\u00fcler trifft Azubi\u201c (VwV BO 2.3 und VwV BO 3.1.2)<br>&#8211; Bewerbertraining Sparkasse<br>&#8211; Besuch der Stettener Jobb\u00f6rse mit verschiedenen Bildungspartnern<br>&#8211; Besuch der Bildungsmesse Visionen in Balingen (Vorbereitung findet digital auf der Homepage im Fachunterricht\/ Klale statt)<br>&#8211; Besuch Infotag berufliche Schulen in Sigmaringen<br>&#8211; Besuch Marktplatz f\u00fcr Ausbildung in Sigmaringen<br>&#8211; freiwilliger Besuch Infotag berufliche Schulen in Ebingen<br>&#8211; Besuch Infotag Bauberufe in Sigmaringen<br>&#8211; Schulbesuch DISCOVER INDUSTRY TRUCK (Coaching4future)<br>&#8211; Informierender Vortrag \u00fcber die Berufe bei der Bundeswehr (Lerngruppe 9)<br>&#8211; Informierender Vortrag \u00fcber die Berufe bei der Polizei (Lerngruppe 9)<br>&#8211; Individuelle Beratungsgespr\u00e4che durch die Berufsberatung<br>&#8211; BO-Unterricht \u201eAnmeldung 2BFS HSA\u201c durch die Berufsberatung<br>&#8211; BO-Unterricht \u201eWege nach MR\u201c durch die Berufsberatung<br>&#8211; Freiwillige Teilnahme Girls\/ Boys Day<br>&#8211; Freiwillige Teilnahme Praktikumswoche BW (ab 15 Jahren)<br>&#8211; Freiwillige Teilnahme work@SIG (ab 13 Jahren)<\/td><\/tr><tr><td><strong>LG 10<\/strong><\/td><td>&#8211; Boys\/ Girls Day<br>&#8211; Tag der beruflichen Orientierung \u201eSch\u00fcler trifft Azubi\u201c (VwV BO 2.3 und VwV BO 3.1.2)<br>&#8211; Besuch der Stettener Jobb\u00f6rse mit verschiedenen Bildungspartnern<br>&#8211; Besuch der Bildungsmesse Visionen in Balingen (Vorbereitung findet digital auf der Homepage im Fachunterricht\/ Klale statt)<br>&#8211; Besuch Infotag berufliche Schulen in Sigmaringen &amp; freiwilliger Besuch Infotag berufliche Schulen in Ebingen<br>&#8211; Individuelle Beratungsgespr\u00e4che durch die Berufsberatung<br>&#8211; BO-Unterricht \u201eweiterf\u00fchrende Schulen\u201c durch die Berufsberatung<br>&#8211; BO-Unterricht \u201eBewo\u201c durch die Berufsberatung<br>&#8211; Freiwillige Teilnahme Girls\/ Boys Day<br>&#8211; Freiwillige Teilnahme Praktikumswoche BW (ab 15 Jahren)<br>&#8211; Freiwillige Teilnahme work@SIG (ab 13 Jahren)<\/td><\/tr><\/tbody><\/table><\/figure>","protected":false},"excerpt":{"rendered":"<p>In der beruflichen Orientierung unterst\u00fctzen wir gemeinsam mit den Lernpartnerinnen und Lernpartnern das Finden, Fordern und F\u00f6rdern von Talenten und Potenzialen. Unser Ziel ist es, als Talentschmiede zu agieren und &hellip; <\/p>","protected":false},"author":48,"featured_media":0,"parent":0,"menu_order":0,"comment_status":"closed","ping_status":"closed","template":"","meta":{"footnotes":""},"class_list":["post-6778","page","type-page","status-publish","hentry"],"_links":{"self":[{"href":"https:\/\/www.schulzentrum-stetten-akm.de\/ru\/wp-json\/wp\/v2\/pages\/6778","targetHints":{"allow":["GET"]}}],"collection":[{"href":"https:\/\/www.schulzentrum-stetten-akm.de\/ru\/wp-json\/wp\/v2\/pages"}],"about":[{"href":"https:\/\/www.schulzentrum-stetten-akm.de\/ru\/wp-json\/wp\/v2\/types\/page"}],"author":[{"embeddable":true,"href":"https:\/\/www.schulzentrum-stetten-akm.de\/ru\/wp-json\/wp\/v2\/users\/48"}],"replies":[{"embeddable":true,"href":"https:\/\/www.schulzentrum-stetten-akm.de\/ru\/wp-json\/wp\/v2\/comments?post=6778"}],"version-history":[{"count":17,"href":"https:\/\/www.schulzentrum-stetten-akm.de\/ru\/wp-json\/wp\/v2\/pages\/6778\/revisions"}],"predecessor-version":[{"id":8299,"href":"https:\/\/www.schulzentrum-stetten-akm.de\/ru\/wp-json\/wp\/v2\/pages\/6778\/revisions\/8299"}],"wp:attachment":[{"href":"https:\/\/www.schulzentrum-stetten-akm.de\/ru\/wp-json\/wp\/v2\/media?parent=6778"}],"curies":[{"name":"wp","href":"https:\/\/api.w.org\/{rel}","templated":true}]}}