{"id":5464,"date":"2022-10-02T09:14:58","date_gmt":"2022-10-02T07:14:58","guid":{"rendered":"https:\/\/www.schulzentrum-stetten-akm.de\/?page_id=5464"},"modified":"2022-10-02T09:14:59","modified_gmt":"2022-10-02T07:14:59","slug":"declaratie-de-confidentialitate","status":"publish","type":"page","link":"https:\/\/www.schulzentrum-stetten-akm.de\/ro\/declaratie-de-confidentialitate\/","title":{"rendered":"Politica de confiden\u021bialitate"},"content":{"rendered":"<p>Utilizarea site-ului nostru web este posibil\u0103 f\u0103r\u0103 indicarea de date cu caracter personal. Cu toate acestea, \u00een cazul \u00een care o persoan\u0103 vizat\u0103 dore\u0219te s\u0103 utilizeze servicii speciale ale site-ului nostru web, ar putea deveni necesar\u0103 prelucrarea datelor cu caracter personal. \u00cen cazul \u00een care prelucrarea datelor cu caracter personal este necesar\u0103 \u0219i dac\u0103 nu exist\u0103 un temei legal pentru o astfel de prelucrare, vom ob\u021bine, \u00een general, consim\u021b\u0103m\u00e2ntul persoanei vizate.<\/p>\n\n\n\n<p>Prelucrarea datelor cu caracter personal, cum ar fi numele, adresa, adresa de e-mail sau num\u0103rul de telefon al unei persoane vizate este \u00eentotdeauna \u00een conformitate cu Regulamentul general privind protec\u021bia datelor \u0219i \u00een conformitate cu dispozi\u021biile aplicabile privind protec\u021bia datelor specifice \u021b\u0103rii noastre. Prin intermediul acestei declara\u021bii privind protec\u021bia datelor, dorim s\u0103 inform\u0103m publicul cu privire la tipul, domeniul de aplicare \u0219i scopul datelor cu caracter personal pe care le colect\u0103m, utiliz\u0103m \u0219i prelucr\u0103m. \u00cen plus, persoanele vizate sunt informate cu privire la drepturile lor prin intermediul acestei declara\u021bii privind protec\u021bia datelor.<\/p>\n\n\n\n<p>Am implementat numeroase m\u0103suri tehnice \u0219i organizatorice pentru a asigura o protec\u021bie c\u00e2t mai complet\u0103 a datelor cu caracter personal prelucrate prin intermediul acestui site web. Cu toate acestea, transmisiile de date pe internet pot avea \u00eentotdeauna vulnerabilit\u0103\u021bi de securitate, astfel \u00eenc\u00e2t nu poate fi garantat\u0103 o protec\u021bie absolut\u0103. Din acest motiv, fiecare persoan\u0103 vizat\u0103 are libertatea de a ne transmite datele cu caracter personal prin mijloace alternative, de exemplu prin telefon.<\/p>\n\n\n\n<h3 class=\"wp-block-heading\">Persoanele dumneavoastr\u0103 de contact<\/h3>\n\n\n\n<p><strong>Persoana responsabil\u0103 \/ responsabil cu protec\u021bia datelor:<\/strong><br>Centrul \u0219colar Stetten \u0219.a.m.d.<br>Dr. Christof Probst<br>Albstra\u00dfe 5<br>72510 Stetten a.k.M.<br>Datenschutz@ssa-als.kv.bwl.de<br><br><strong>Supravegherea protec\u021biei datelor:<\/strong><br>Comisarul de stat pentru protec\u021bia datelor \u0219i libertatea de informare Baden-W\u00fcrttemberg\" (LfDI)<br>Lautenschlagerstr. 20<br>70173 Stuttgart<\/p>\n\n\n\n<h3 class=\"wp-block-heading\">Defini\u021bii<\/h3>\n\n\n\n<p>Aceast\u0103 declara\u021bie de protec\u021bie a datelor se bazeaz\u0103 pe termenii utiliza\u021bi de c\u0103tre Directiva european\u0103 \u0219i de c\u0103tre Ordonatorul european la adoptarea Regulamentului general privind protec\u021bia datelor (DS-GVO). Declara\u021bia noastr\u0103 privind protec\u021bia datelor ar trebui s\u0103 fie u\u0219or de citit \u0219i de \u00een\u021beles at\u00e2t pentru public, c\u00e2t \u0219i pentru clien\u021bii \u0219i partenerii no\u0219tri de afaceri. Pentru a asigura acest lucru, dorim s\u0103 explic\u0103m \u00een prealabil termenii utiliza\u021bi.<\/p>\n\n\n\n<p>Folosim \u00een aceast\u0103 politic\u0103 de confiden\u021bialitate <strong>posibil<\/strong> printre altele, urm\u0103torii termeni:<\/p>\n\n\n\n<ul class=\"wp-block-list\"><li>date cu caracter personal<br>Datele cu caracter personal \u00eenseamn\u0103 orice informa\u021bie referitoare la o persoan\u0103 fizic\u0103 identificat\u0103 sau identificabil\u0103 (denumit\u0103 \u00een continuare \"persoana vizat\u0103\"). O persoan\u0103 fizic\u0103 identificabil\u0103 este o persoan\u0103 care poate fi identificat\u0103, direct sau indirect, \u00een special prin referire la un identificator, cum ar fi un nume, un num\u0103r de identificare, date de localizare, un identificator online sau la unul sau mai mul\u021bi factori specifici identit\u0103\u021bii fizice, fiziologice, genetice, mentale, economice, culturale sau sociale a persoanei fizice respective.<br><\/li><li>persoana \u00een cauz\u0103<br>Persoana vizat\u0103 \u00eenseamn\u0103 orice persoan\u0103 fizic\u0103 identificat\u0103 sau identificabil\u0103 ale c\u0103rei date cu caracter personal sunt prelucrate de c\u0103tre operator.<br><\/li><li>Prelucrare<br>Prelucrarea este orice opera\u021biune sau set de opera\u021biuni efectuate asupra datelor cu caracter personal, fie prin mijloace automate sau nu, cum ar fi colectarea, \u00eenregistrarea, organizarea, arhivarea, stocarea, adaptarea sau modificarea, extragerea, consultarea, utilizarea, divulgarea prin transmitere, diseminarea sau punerea la dispozi\u021bie \u00een alt mod, alinierea sau combinarea, restric\u021bionarea, \u0219tergerea sau distrugerea.<br><\/li><li>Restric\u021bia de prelucrare<br>Restric\u021bia prelucr\u0103rii este marcarea datelor cu caracter personal stocate \u00een scopul limit\u0103rii prelucr\u0103rii lor viitoare.<br><\/li><li>Profilarea<br>Profilarea este orice form\u0103 de prelucrare automatizat\u0103 a datelor cu caracter personal care const\u0103 \u00een utilizarea acestor date cu caracter personal pentru a evalua anumite aspecte personale legate de o persoan\u0103 fizic\u0103, \u00een special pentru a analiza sau a prezice aspecte legate de performan\u021ba profesional\u0103, situa\u021bia economic\u0103, s\u0103n\u0103tatea, preferin\u021bele personale, interesele, fiabilitatea, comportamentul, loca\u021bia sau schimbarea loca\u021biei persoanei fizice respective.<br><\/li><li>Pseudonimizarea<br>Pseudonimizarea este prelucrarea datelor cu caracter personal astfel \u00eenc\u00e2t datele cu caracter personal s\u0103 nu mai poat\u0103 fi atribuite unei anumite persoane vizate f\u0103r\u0103 utilizarea de informa\u021bii suplimentare, cu condi\u021bia ca aceste informa\u021bii suplimentare s\u0103 fie p\u0103strate separat \u0219i s\u0103 fac\u0103 obiectul unor m\u0103suri tehnice \u0219i organizatorice care s\u0103 garanteze c\u0103 datele cu caracter personal nu sunt atribuite unei persoane fizice identificate sau identificabile.<br><\/li><li>Controlor sau persoan\u0103 responsabil\u0103 de prelucrare<br>Operatorul sau persoana responsabil\u0103 de prelucrare este persoana fizic\u0103 sau juridic\u0103, autoritatea public\u0103, agen\u021bia sau alt organism care, singur sau \u00eempreun\u0103 cu alte persoane, stabile\u0219te scopurile \u0219i mijloacele de prelucrare a datelor cu caracter personal. \u00cen cazul \u00een care scopurile \u0219i mijloacele unei astfel de prelucr\u0103ri sunt stabilite de dreptul Uniunii sau de dreptul unui stat membru, operatorul sau criteriile specifice pentru desemnarea acestuia pot fi prev\u0103zute de dreptul Uniunii sau de dreptul unui stat membru.<br><\/li><li>Procesor<br>Prelucr\u0103tor \u00eenseamn\u0103 o persoan\u0103 fizic\u0103 sau juridic\u0103, o autoritate public\u0103, o agen\u021bie sau un alt organism care prelucreaz\u0103 date cu caracter personal \u00een numele operatorului.<br><\/li><li>Receptor<br>Un destinatar este o persoan\u0103 fizic\u0103 sau juridic\u0103, o autoritate public\u0103, o agen\u021bie sau un alt organism c\u0103ruia \u00eei sunt dezv\u0103luite datele cu caracter personal, indiferent dac\u0103 este sau nu o parte ter\u021b\u0103. Cu toate acestea, autorit\u0103\u021bile publice care pot primi date cu caracter personal \u00een contextul unei sarcini de investiga\u021bie specifice \u00een temeiul dreptului Uniunii sau al unui stat membru nu sunt considerate destinatari.<br><\/li><li>Al treilea<br>Ter\u021b \u00eenseamn\u0103 o persoan\u0103 fizic\u0103 sau juridic\u0103, o autoritate public\u0103, o agen\u021bie sau un alt organism, altul dec\u00e2t persoana vizat\u0103, operatorul, persoana \u00eemputernicit\u0103 de c\u0103tre operator \u0219i persoanele autorizate s\u0103 prelucreze datele cu caracter personal sub responsabilitatea direct\u0103 a operatorului sau a persoanei \u00eemputernicite de c\u0103tre operator.<br><\/li><li>Consim\u021b\u0103m\u00e2nt<br>Consim\u021b\u0103m\u00e2ntul \u00eenseamn\u0103 orice indica\u021bie specific\u0103 \u0219i informat\u0103, dat\u0103 \u00een mod liber \u0219i \u00een cuno\u0219tin\u021b\u0103 de cauz\u0103, a dorin\u021belor persoanei vizate, sub forma unei declara\u021bii sau a unui alt act afirmativ lipsit de ambiguitate, prin care persoana vizat\u0103 \u00ee\u0219i exprim\u0103 acordul cu privire la prelucrarea datelor cu caracter personal care o privesc.<\/li><\/ul>\n\n\n\n<h3 class=\"wp-block-heading\">Leg\u0103turi c\u0103tre alte site-uri web<\/h3>\n\n\n\n<p>\u00cen cazul \u00een care furniz\u0103m linkuri c\u0103tre site-urile web ale altor organiza\u021bii, aceast\u0103 not\u0103 de confiden\u021bialitate nu se aplic\u0103 prelucr\u0103rii datelor cu caracter personal de c\u0103tre organiza\u021bia respectiv\u0103. Prin urmare, v\u0103 recomand\u0103m s\u0103 citi\u021bi avizele de confiden\u021bialitate de pe celelalte site-uri web pe care le vizita\u021bi.<\/p>\n\n\n\n<h3 class=\"wp-block-heading\">Transferuri de date c\u0103tre \u021b\u0103ri ter\u021be<\/h3>\n\n\n\n<p>De regul\u0103, datele nu sunt transferate \u00een \u021b\u0103ri ter\u021be, cu excep\u021bia cazului \u00een care acest lucru este specificat \u00een mod expres \u00een informa\u021biile privind protec\u021bia datelor pentru prelucrarea respectiv\u0103.<\/p>\n\n\n\n<h3 class=\"wp-block-heading\">Cookie-uri<\/h3>\n\n\n\n<p>Utiliz\u0103m cookie-uri. Cookie-urile sunt fi\u0219iere text care sunt plasate \u0219i stocate pe un sistem informatic prin intermediul unui browser de internet.<\/p>\n\n\n\n<p>Numeroase site-uri web \u0219i servere utilizeaz\u0103 module cookie. Multe module cookie con\u021bin un a\u0219a-numit ID de cookie. Un ID de cookie este un identificator unic al cookie-ului. Acesta const\u0103 \u00eentr-un \u0219ir de caractere prin care paginile de internet \u0219i serverele pot fi atribuite browserului de internet specific \u00een care a fost stocat cookie-ul. Acest lucru permite paginilor de internet \u0219i serverelor vizitate s\u0103 disting\u0103 browserul individual al persoanei vizate de alte browsere de internet care con\u021bin alte cookie-uri. Un browser de internet specific poate fi recunoscut \u0219i identificat prin intermediul ID-ului unic al cookie-ului.<\/p>\n\n\n\n<p>Prin utilizarea modulelor cookie, putem oferi utilizatorilor acestui site web servicii mai u\u0219or de utilizat, care nu ar fi posibile f\u0103r\u0103 setarea modulelor cookie.<\/p>\n\n\n\n<p>Prin intermediul unui cookie, informa\u021biile \u0219i ofertele de pe site-ul nostru pot fi optimizate \u00een sensul utilizatorului. Dup\u0103 cum s-a men\u021bionat deja, cookie-urile ne permit s\u0103 recunoa\u0219tem utilizatorii site-ului nostru web. Scopul acestei recunoa\u0219teri este de a facilita utilizatorilor utilizarea site-ului nostru web. De exemplu, utilizatorul unui site web care utilizeaz\u0103 cookie-uri nu trebuie s\u0103 \u00ee\u0219i reintroduc\u0103 datele de acces de fiecare dat\u0103 c\u00e2nd viziteaz\u0103 site-ul web, deoarece acest lucru este realizat de c\u0103tre site-ul web \u0219i de c\u0103tre cookie-ul stocat pe sistemul informatic al utilizatorului. Un alt exemplu este cookie-ul unui co\u0219 de cump\u0103r\u0103turi \u00eentr-un magazin online. Magazinul online \u00ee\u0219i aminte\u0219te articolele pe care un client le-a plasat \u00een co\u0219ul virtual de cump\u0103r\u0103turi prin intermediul unui cookie.<\/p>\n\n\n\n<p>Persoana vizat\u0103 poate \u00eempiedica \u00een orice moment setarea de cookie-uri de c\u0103tre site-ul nostru web prin intermediul unei set\u0103ri corespunz\u0103toare a browserului de internet utilizat \u0219i, astfel, se poate opune permanent set\u0103rii de cookie-uri. \u00cen plus, cookie-urile care au fost deja setate pot fi \u0219terse \u00een orice moment prin intermediul unui browser de internet sau al altor programe software. Acest lucru este posibil \u00een toate browserele de internet obi\u0219nuite. \u00cen cazul \u00een care persoana vizat\u0103 dezactiveaz\u0103 setarea cookie-urilor \u00een browserul de internet utilizat, este posibil ca nu toate func\u021biile paginii noastre de internet s\u0103 poat\u0103 fi utilizate pe deplin.<br>Pute\u021bi afla cum s\u0103 gestiona\u021bi (inclusiv s\u0103 dezactiva\u021bi) modulele cookie \u00een principalele browsere, urm\u00e2nd linkurile de mai jos:<br>Browserul Chrome: <a href=\"https:\/\/support.google.com\/accounts\/answer\/61416?hl=de\" target=\"_blank\" rel=\"noreferrer noopener\">https:\/\/support.google.com\/accounts\/answer\/61416?hl=de<\/a><br>Internet Explorer: <a href=\"https:\/\/support.microsoft.com\/de-de\/help\/17442\/windows-internet-explorer-delete-manage-cookies\" target=\"_blank\" rel=\"noreferrer noopener\">https:\/\/support.microsoft.com\/de-de\/help\/17442\/windows-internet-explorer-delete-manage-cookies<\/a><br>Mozilla Firefox: <a href=\"https:\/\/support.mozilla.org\/de\/kb\/cookies-erlauben-und-ablehnen\" target=\"_blank\" rel=\"noreferrer noopener\">https:\/\/support.mozilla.org\/de\/kb\/cookies-erlauben-und-ablehnen<\/a><br>Safari: <a href=\"https:\/\/support.apple.com\/de-de\/guide\/safari\/manage-cookies-and-website-data-sfri11471\/mac\" target=\"_blank\" rel=\"noreferrer noopener\">https:\/\/support.apple.com\/de-de\/guide\/safari\/manage-cookies-and-website-data-sfri11471\/mac<\/a><\/p>\n\n\n\n<p>\" <a href=\"\/ro\/politica-privind-cookie-urile\/\">Politica noastr\u0103 privind cookie-urile<\/a><\/p>\n\n\n\n<h3 class=\"wp-block-heading\">Colectarea de date \u0219i informa\u021bii generale<\/h3>\n\n\n\n<p>Site-ul nostru web colecteaz\u0103 o serie de date \u0219i informa\u021bii generale la fiecare apel al unei persoane vizate sau al unui sistem automatizat. Aceste date \u0219i informa\u021bii generale sunt stocate \u00een <strong>Fi\u0219iere jurnal <\/strong>a serverului. Pot fi colectate urm\u0103toarele date: (1) tipurile \u0219i versiunile de browser utilizate, (2) sistemul de operare utilizat de sistemul de accesare, (3) site-ul web de pe care un sistem de accesare acceseaz\u0103 site-ul nostru web (a\u0219a-numitul referrer), (4) site-urile secundare care sunt accesate prin intermediul unui sistem de accesare pe site-ul nostru web, (5) data \u0219i ora acces\u0103rii site-ului web, (6) o adres\u0103 de protocol internet (adresa IP), (7) furnizorul de servicii de internet al sistemului de accesare \u0219i (8) alte date \u0219i informa\u021bii similare, <strong>care servesc la evitarea pericolelor \u00een cazul unor atacuri asupra sistemelor noastre de tehnologie a informa\u021biei<\/strong>.<\/p>\n\n\n\n<p>Atunci c\u00e2nd folosim aceste date \u0219i informa\u021bii generale, nu tragem nicio concluzie cu privire la persoana vizat\u0103. Aceste informa\u021bii sunt necesare mai degrab\u0103 pentru (1) a livra corect con\u021binutul site-ului nostru, (2) a optimiza con\u021binutul site-ului nostru, precum \u0219i publicitatea pentru acesta, (3) a asigura operabilitatea permanent\u0103 a sistemelor noastre informatice \u0219i a tehnologiei site-ului nostru, precum \u0219i (4) a furniza autorit\u0103\u021bilor de aplicare a legii informa\u021biile necesare pentru urm\u0103rirea penal\u0103 \u00een cazul unui atac cibernetic. Prin urmare, datele \u0219i informa\u021biile colectate \u00een mod anonim sunt, pe de o parte, evaluate statistic \u0219i, pe de alt\u0103 parte, sunt evaluate \u00een continuare cu scopul de a cre\u0219te protec\u021bia \u0219i securitatea datelor \u0219i de a asigura, \u00een cele din urm\u0103, un nivel optim de protec\u021bie a datelor cu caracter personal pe care le prelucr\u0103m. Datele anonime din fi\u0219ierele jurnal ale serverului sunt stocate separat de orice date cu caracter personal furnizate de o persoan\u0103 vizat\u0103.<\/p>\n\n\n\n<h3 class=\"wp-block-heading\">Contacta\u021bi<\/h3>\n\n\n\n<p><strong>Contact prin po\u0219t\u0103<\/strong><br>Dac\u0103 ini\u021bia\u021bi un contact de afaceri cu noi prin e-mail, colect\u0103m datele dvs. personale (nume, adres\u0103 de e-mail, textul mesajului) numai \u00een m\u0103sura \u00een care ne furniza\u021bi acest lucru. Prelucrarea datelor serve\u0219te scopului de a procesa \u0219i de a r\u0103spunde la cererea dvs. de contact.<br>\u00cen cazul \u00een care contactul serve\u0219te la realizarea unor m\u0103suri precontractuale (de exemplu, consultan\u021b\u0103 \u00een cazul interesului de cump\u0103rare, preg\u0103tirea unei oferte) sau se refer\u0103 la un contract deja \u00eencheiat \u00eentre dumneavoastr\u0103 \u0219i noi, aceast\u0103 prelucrare a datelor se realizeaz\u0103 \u00een baza art. 6 alin. 1 lit. b DSGVO.<br>\u00cen cazul \u00een care contactul se face din alte motive, aceast\u0103 prelucrare a datelor se efectueaz\u0103 \u00een temeiul art. 6 alin. 1 lit. f DSGVO, datorit\u0103 interesului nostru legitim primordial de a prelucra \u0219i de a r\u0103spunde la cererea dumneavoastr\u0103. <em>\u00cen acest caz, ave\u021bi dreptul de a v\u0103 opune \u00een orice moment acestei prelucr\u0103ri a datelor cu caracter personal care v\u0103 privesc, \u00een temeiul articolului 6 alineatul (1) litera (f) din DSGVO, din motive care decurg din situa\u021bia dumneavoastr\u0103 particular\u0103.<\/em><br>Utiliz\u0103m adresa dvs. de e-mail doar pentru a procesa cererea dvs. de informa\u021bii. Datele dvs. vor fi apoi \u0219terse \u00een conformitate cu perioadele legale de p\u0103strare, cu excep\u021bia cazului \u00een care v-a\u021bi dat consim\u021b\u0103m\u00e2ntul pentru prelucrarea \u0219i utilizarea ulterioar\u0103.<\/p>\n\n\n\n<p>Func\u021bia de comentarii \u00een blogul de pe site<\/p>\n\n\n\n<p>Oferim utilizatorilor posibilitatea de a l\u0103sa comentarii individuale la post\u0103rile individuale.<\/p>\n\n\n\n<p>\u00cen cazul \u00een care o persoan\u0103 las\u0103 un comentariu \u00eentr-o postare, pe l\u00e2ng\u0103 comentariile l\u0103sate de persoana \u00een cauz\u0103, sunt stocate \u0219i publicate \u0219i informa\u021biile privind momentul introducerii comentariului \u0219i numele ales de persoana \u00een cauz\u0103. \u00cen plus, este \u00eenregistrat\u0103 \u0219i adresa IP atribuit\u0103 de furnizorul de servicii de internet (ISP) al persoanei \u00een cauz\u0103. <strong>Aceast\u0103 stocare a adresei IP are loc din motive de securitate \u0219i \u00een cazul \u00een care persoana \u00een cauz\u0103 \u00eencalc\u0103 drepturile unor ter\u021be p\u0103r\u021bi prin postarea unui comentariu sau posteaz\u0103 con\u021binut ilegal.<\/strong>. Prin urmare, stocarea acestor date cu caracter personal este \u00een interesul propriu al operatorului, astfel \u00eenc\u00e2t acesta s\u0103 se poat\u0103 disculpa, dac\u0103 este necesar, \u00een cazul unei \u00eenc\u0103lc\u0103ri. Datele cu caracter personal colectate nu vor fi dezv\u0103luite unor ter\u021be p\u0103r\u021bi, cu excep\u021bia cazului \u00een care o astfel de dezv\u0103luire este impus\u0103 de lege sau este necesar\u0103 pentru ap\u0103rarea juridic\u0103 a operatorului.<\/p>\n\n\n\n<h3 class=\"wp-block-heading\">\u0218tergerea \u0219i blocarea de rutin\u0103 a datelor cu caracter personal<\/h3>\n\n\n\n<p>Operatorul prelucreaz\u0103 \u0219i stocheaz\u0103 datele cu caracter personal ale persoanei vizate numai pentru perioada de timp necesar\u0103 pentru atingerea scopului stoc\u0103rii sau \u00een cazul \u00een care este prev\u0103zut de Directiva \u0219i Regulamentul european sau de alt legiuitor \u00een legile sau regulamentele la care se supune operatorul.<\/p>\n\n\n\n<p>\u00cen cazul \u00een care scopul stoc\u0103rii nu se mai aplic\u0103 sau dac\u0103 expir\u0103 o perioad\u0103 de stocare prev\u0103zut\u0103 de Directiva \u0219i Regulamentul european sau de un alt legiuitor competent, datele cu caracter personal vor fi blocate sau \u0219terse \u00een mod obi\u0219nuit, \u00een conformitate cu dispozi\u021biile legale.<\/p>\n\n\n\n<h3 class=\"wp-block-heading\">Drepturile persoanei vizate<\/h3>\n\n\n\n<ul class=\"wp-block-list\"><li>Dreptul la confirmare<br>Fiecare persoan\u0103 vizat\u0103 are dreptul, conferit de Directiva european\u0103 \u0219i de Regulament, de a ob\u021bine confirmarea din partea operatorului cu privire la faptul c\u0103 datele cu caracter personal care o privesc sunt sau nu prelucrate. \u00cen cazul \u00een care o persoan\u0103 vizat\u0103 dore\u0219te s\u0103 \u00ee\u0219i exercite acest drept, aceasta poate, \u00een orice moment, s\u0103 contacteze orice angajat al operatorului.<br><\/li><li>Dreptul la informare<br>Orice persoan\u0103 vizat\u0103 de prelucrarea datelor cu caracter personal are dreptul, conferit de Directiva \u0219i de Regulamentul european, de a ob\u021bine de la operator, \u00een orice moment \u0219i \u00een mod gratuit, informa\u021bii despre datele cu caracter personal stocate \u00een leg\u0103tur\u0103 cu ea \u0219i o copie a acestor informa\u021bii. \u00cen plus, Directiva \u0219i Regulamentul european au acordat persoanei vizate accesul la urm\u0103toarele informa\u021bii:<ul><li>scopurile prelucr\u0103rii<\/li><li>categoriile de date cu caracter personal care sunt prelucrate<\/li><li>destinatarii sau categoriile de destinatari c\u0103rora le-au fost sau le vor fi divulgate datele cu caracter personal, \u00een special \u00een cazul destinatarilor din \u021b\u0103ri ter\u021be sau al organiza\u021biilor interna\u021bionale<\/li><li>dac\u0103 este posibil, durata planificat\u0103 pentru care vor fi stocate datele cu caracter personal sau, dac\u0103 acest lucru nu este posibil, criteriile de determinare a acestei durate<\/li><li>existen\u021ba unui drept de a ob\u021bine rectificarea sau \u0219tergerea datelor cu caracter personal care \u00eei privesc sau de a ob\u021bine restric\u021bionarea prelucr\u0103rii de c\u0103tre operator sau a unui drept de a se opune unei astfel de prelucr\u0103ri<\/li><li>existen\u021ba unui drept de apel la o autoritate de supraveghere<\/li><li>\u00een cazul \u00een care datele cu caracter personal nu sunt colectate de la persoana vizat\u0103: Toate informa\u021biile disponibile privind originea datelor<\/li><li>existen\u021ba unui proces decizional automatizat, inclusiv crearea de profiluri, \u00een conformitate cu articolul 22 alineatele (1) \u0219i (4) din RGPD \u0219i, cel pu\u021bin \u00een aceste cazuri, informa\u021bii semnificative cu privire la logica implicat\u0103, precum \u0219i cu privire la domeniul de aplicare \u0219i la efectele preconizate ale unei astfel de prelucr\u0103ri pentru persoana vizat\u0103<\/li><\/ul>\u00cen plus, persoana vizat\u0103 are dreptul de a fi informat\u0103 dac\u0103 datele cu caracter personal au fost transferate c\u0103tre o \u021bar\u0103 ter\u021b\u0103 sau c\u0103tre o organiza\u021bie interna\u021bional\u0103. \u00cen acest caz, persoana vizat\u0103 are, de asemenea, dreptul de a ob\u021bine informa\u021bii cu privire la garan\u021biile corespunz\u0103toare \u00een leg\u0103tur\u0103 cu transferul.<br>\u00cen cazul \u00een care o persoan\u0103 vizat\u0103 dore\u0219te s\u0103 \u00ee\u0219i exercite acest drept de acces, aceasta poate, \u00een orice moment, s\u0103 contacteze orice angajat al operatorului.<br><\/li><li>Dreptul de rectificare<br>Orice persoan\u0103 vizat\u0103 de prelucrarea datelor cu caracter personal are dreptul acordat de Directiva european\u0103 \u0219i de Regulament de a ob\u021bine rectificarea f\u0103r\u0103 \u00eent\u00e2rziere a datelor cu caracter personal inexacte care o privesc. \u00cen plus, persoana vizat\u0103 are dreptul de a solicita completarea datelor cu caracter personal incomplete, inclusiv prin intermediul unei declara\u021bii suplimentare, \u021bin\u00e2nd seama de scopurile prelucr\u0103rii.<br>\u00cen cazul \u00een care o persoan\u0103 vizat\u0103 dore\u0219te s\u0103 \u00ee\u0219i exercite acest drept de rectificare, aceasta poate, \u00een orice moment, s\u0103 contacteze orice angajat al operatorului.<\/li><li>Dreptul la \u0219tergere (dreptul de a fi uitat)<br>Orice persoan\u0103 vizat\u0103 de prelucrarea datelor cu caracter personal are dreptul, acordat de Directiva european\u0103 \u0219i de Regulament, de a ob\u021bine de la operator \u0219tergerea f\u0103r\u0103 \u00eent\u00e2rziere a datelor cu caracter personal care o privesc, \u00een cazul \u00een care se aplic\u0103 unul dintre urm\u0103toarele motive \u0219i \u00een m\u0103sura \u00een care prelucrarea nu este necesar\u0103:<ul><li>Datele cu caracter personal au fost colectate sau prelucrate \u00een alte scopuri pentru care nu mai sunt necesare.<\/li><li>Persoana vizat\u0103 revoc\u0103 consim\u021b\u0103m\u00e2ntul pe care s-a bazat prelucrarea \u00een conformitate cu articolul 6 alineatul (1) litera (a) din RGPD sau cu articolul 9 alineatul (2) litera (a) din RGPD \u0219i nu exist\u0103 niciun alt temei juridic pentru prelucrare.<\/li><li>Persoana vizat\u0103 se opune prelucr\u0103rii \u00een conformitate cu articolul 21 alineatul (1) din RGPD \u0219i nu exist\u0103 motive legitime care s\u0103 prevaleze pentru prelucrare, sau persoana vizat\u0103 se opune prelucr\u0103rii \u00een conformitate cu articolul 21 alineatul (2) din RGPD.<\/li><li>Datele cu caracter personal au fost prelucrate \u00een mod ilegal.<\/li><li>\u0218tergerea datelor cu caracter personal este necesar\u0103 pentru respectarea unei obliga\u021bii legale \u00een temeiul dreptului Uniunii sau al dreptului unui stat membru, la care este supus operatorul.<\/li><li>Datele cu caracter personal au fost colectate \u00een leg\u0103tur\u0103 cu serviciile societ\u0103\u021bii informa\u021bionale oferite \u00een conformitate cu articolul 8 alineatul (1) din DS-GVO.<br><\/li><\/ul>\u00cen cazul \u00een care se aplic\u0103 unul dintre motivele men\u021bionate mai sus \u0219i o persoan\u0103 vizat\u0103 dore\u0219te s\u0103 solicite \u0219tergerea datelor cu caracter personal stocate de noi, aceasta poate contacta \u00een orice moment orice angajat al operatorului. Angajatul va lua m\u0103suri pentru ca cererea de \u0219tergere s\u0103 fie \u00eendeplinit\u0103 imediat.<br>\u00cen cazul \u00een care datele cu caracter personal au fost f\u0103cute publice de c\u0103tre noi, iar societatea noastr\u0103, \u00een calitate de operator, este obligat\u0103 s\u0103 \u0219tearg\u0103 datele cu caracter personal \u00een conformitate cu articolul 17 alineatul (1) din RGPD, vom lua m\u0103suri rezonabile, inclusiv m\u0103suri tehnice, \u021bin\u00e2nd cont de tehnologia disponibil\u0103 \u0219i de costul implement\u0103rii, pentru a informa al\u021bi operatori de date care prelucreaz\u0103 datele cu caracter personal publicate c\u0103 persoana vizat\u0103 a solicitat de la acei al\u021bi operatori de date \u0219tergerea tuturor leg\u0103turilor cu datele cu caracter personal sau a copiilor sau replicilor datelor cu caracter personal, cu excep\u021bia cazului \u00een care prelucrarea este necesar\u0103. Vom aranja cele necesare \u00een cazuri individuale.<br><\/li><li>Dreptul de a restric\u021biona prelucrarea<br>Orice persoan\u0103 vizat\u0103 de prelucrarea datelor cu caracter personal are dreptul, acordat de Directiva european\u0103 \u0219i de Regulament, de a ob\u021bine de la operator restric\u021bionarea prelucr\u0103rii \u00een cazul \u00een care este \u00eendeplinit\u0103 una dintre urm\u0103toarele condi\u021bii:<ul><li>Acurate\u021bea datelor cu caracter personal este contestat\u0103 de persoana vizat\u0103 pentru o perioad\u0103 care s\u0103 permit\u0103 operatorului s\u0103 verifice exactitatea datelor cu caracter personal.<\/li><li>Prelucrarea este ilegal\u0103, persoana vizat\u0103 se opune \u0219tergerii datelor cu caracter personal \u0219i solicit\u0103, \u00een schimb, restric\u021bionarea utiliz\u0103rii datelor cu caracter personal.<\/li><li>Operatorul nu mai are nevoie de datele cu caracter personal \u00een scopul prelucr\u0103rii, dar persoana vizat\u0103 are nevoie de acestea pentru constatarea, exercitarea sau ap\u0103rarea unor drepturi legale.<\/li><li>Persoana vizat\u0103 s-a opus prelucr\u0103rii \u00een conformitate cu articolul 21 alineatul (1) din RGPD \u0219i nu este \u00eenc\u0103 clar dac\u0103 motivele legitime ale operatorului prevaleaz\u0103 asupra celor ale persoanei vizate.<br><\/li><\/ul>\u00cen cazul \u00een care este \u00eendeplinit\u0103 una dintre condi\u021biile men\u021bionate mai sus \u0219i o persoan\u0103 vizat\u0103 dore\u0219te s\u0103 solicite restric\u021bionarea datelor cu caracter personal stocate de noi, aceasta poate, \u00een orice moment, s\u0103 contacteze orice angajat al operatorului. Angajatul va aranja restric\u021bionarea prelucr\u0103rii.<br><\/li><li>Dreptul la portabilitatea datelor<br>Orice persoan\u0103 vizat\u0103 de prelucrarea datelor cu caracter personal are dreptul, conferit de Directiva european\u0103 \u0219i de regulament, de a primi datele cu caracter personal care o privesc \u0219i care au fost furnizate de persoana vizat\u0103 unui operator, \u00eentr-un format structurat, utilizat \u00een mod obi\u0219nuit \u0219i care poate fi citit automat. Persoana vizat\u0103 are, de asemenea, dreptul de a transmite astfel de date unui alt operator, f\u0103r\u0103 a fi \u00eempiedicat\u0103 de operatorul c\u0103ruia i-au fost furnizate datele cu caracter personal, cu condi\u021bia ca prelucrarea s\u0103 se bazeze pe consim\u021b\u0103m\u00e2ntul \u00een temeiul articolului 6 alineatul (1) litera (a) din RGPD sau al articolului 9 alineatul (2) litera (a) din RGPD sau pe un contract \u00een temeiul articolului 6 alineatul (1) litera (b) din RGPD \u0219i ca prelucrarea s\u0103 fie efectuat\u0103 prin mijloace automatizate, cu excep\u021bia cazului \u00een care prelucrarea este necesar\u0103 pentru \u00eendeplinirea unei sarcini de interes public sau \u00een exercitarea autorit\u0103\u021bii publice cu care este \u00eenvestit operatorul.<br>\u00cen plus, atunci c\u00e2nd \u00ee\u0219i exercit\u0103 dreptul la portabilitatea datelor \u00een conformitate cu articolul 20 alineatul (1) din RGPD, persoana vizat\u0103 are dreptul de a ob\u021bine ca datele cu caracter personal s\u0103 fie transferate direct de la un operator la un alt operator, \u00een m\u0103sura \u00een care acest lucru este fezabil din punct de vedere tehnic \u0219i cu condi\u021bia ca acest lucru s\u0103 nu afecteze \u00een mod negativ drepturile \u0219i libert\u0103\u021bile altor persoane.<br>Pentru a-\u0219i exercita dreptul la portabilitatea datelor, persoana vizat\u0103 ne poate contacta \u00een orice moment.<br><\/li><li>Dreptul de opozi\u021bie<br>Orice persoan\u0103 afectat\u0103 de prelucrarea datelor cu caracter personal are dreptul acordat de Directiva \u0219i de Regulamentul european de a se opune \u00een orice moment, din motive legate de situa\u021bia sa particular\u0103, prelucr\u0103rii datelor cu caracter personal care o privesc \u0219i care este efectuat\u0103 \u00een temeiul articolului 6 alineatul (1) literele (e) sau (f) din RGPD. Acest lucru se aplic\u0103, de asemenea, profil\u0103rii pe baza acestor dispozi\u021bii.<br>Nu vom mai prelucra datele cu caracter personal \u00een cazul unei obiec\u021bii, cu excep\u021bia cazului \u00een care putem demonstra c\u0103 exist\u0103 motive legitime \u0219i conving\u0103toare pentru prelucrare, care prevaleaz\u0103 asupra intereselor, drepturilor \u0219i libert\u0103\u021bilor persoanei vizate, sau pentru afirmarea, exercitarea sau ap\u0103rarea unor preten\u021bii legale.<br>\u00cen cazul \u00een care prelucr\u0103m date cu caracter personal \u00een scopul marketingului direct, persoana vizat\u0103 are dreptul de a se opune \u00een orice moment prelucr\u0103rii datelor cu caracter personal pentru un astfel de marketing. Acest lucru se aplic\u0103, de asemenea, profil\u0103rii, \u00een m\u0103sura \u00een care aceasta este legat\u0103 de un astfel de marketing direct. \u00cen cazul \u00een care persoana vizat\u0103 se opune prelucr\u0103rii \u00een scopuri de marketing direct, nu vom mai prelucra datele cu caracter personal \u00een aceste scopuri.<br>\u00cen plus, persoana vizat\u0103 are dreptul, din motive legate de situa\u021bia sa particular\u0103, de a se opune prelucr\u0103rii datelor cu caracter personal care o privesc \u0219i care este efectuat\u0103 de noi \u00een scopuri de cercetare \u0219tiin\u021bific\u0103 sau istoric\u0103 sau \u00een scopuri statistice \u00een conformitate cu articolul 89 alineatul (1) din Regulamentul privind protec\u021bia datelor, cu excep\u021bia cazului \u00een care o astfel de prelucrare este necesar\u0103 pentru \u00eendeplinirea unei sarcini de interes public.<br>Pentru a-\u0219i exercita dreptul de opozi\u021bie, persoana vizat\u0103 ne poate contacta direct. De asemenea, persoana vizat\u0103 este liber\u0103 s\u0103 \u00ee\u0219i exercite dreptul de opozi\u021bie prin intermediul procedurilor automatizate care utilizeaz\u0103 specifica\u021bii tehnice \u00een contextul utiliz\u0103rii serviciilor societ\u0103\u021bii informa\u021bionale, f\u0103r\u0103 a aduce atingere Directivei 2002\/58\/CE.<br><\/li><li>Decizii automatizate \u00een cazuri individuale, inclusiv crearea de profiluri<br>Orice persoan\u0103 vizat\u0103 de prelucrarea datelor cu caracter personal are dreptul, acordat de Directiva european\u0103 \u0219i de Regulament, de a nu face obiectul unei decizii bazate exclusiv pe prelucrarea automat\u0103, inclusiv crearea de profiluri, care produce efecte juridice \u00een ceea ce o prive\u0219te sau care o afecteaz\u0103 \u00een mod similar \u0219i semnificativ, cu condi\u021bia ca decizia (1) s\u0103 nu fie necesar\u0103 pentru \u00eencheierea sau executarea unui contract \u00eentre persoana vizat\u0103 \u0219i operator sau (2) s\u0103 fie autorizat\u0103 de dreptul Uniunii sau de dreptul unui stat membru c\u0103ruia i se aplic\u0103 operatorul \u0219i ca acest drept s\u0103 prevad\u0103 m\u0103suri adecvate pentru a proteja drepturile \u0219i libert\u0103\u021bile persoanei vizate \u0219i interesele legitime ale acesteia sau (3) s\u0103 fie luat\u0103 cu consim\u021b\u0103m\u00e2ntul explicit al persoanei vizate.<br>\u00cen cazul \u00een care decizia (1) este necesar\u0103 pentru \u00eencheierea sau executarea unui contract \u00eentre persoana vizat\u0103 \u0219i operatorul de date sau (2) este luat\u0103 cu consim\u021b\u0103m\u00e2ntul explicit al persoanei vizate, vom pune \u00een aplicare m\u0103suri adecvate pentru a proteja drepturile \u0219i libert\u0103\u021bile \u0219i interesele legitime ale persoanei vizate, care includ cel pu\u021bin dreptul de a ob\u021bine implicarea persoanei vizate din partea operatorului, de a-\u0219i exprima punctul de vedere \u0219i de a contesta decizia.<br>\u00cen cazul \u00een care persoana vizat\u0103 dore\u0219te s\u0103 \u00ee\u0219i exercite drepturile privind deciziile automate, aceasta poate contacta \u00een orice moment orice angajat al operatorului.<br><\/li><li>Dreptul de a revoca consim\u021b\u0103m\u00e2ntul \u00een temeiul legisla\u021biei privind protec\u021bia datelor<br>Orice persoan\u0103 afectat\u0103 de prelucrarea datelor cu caracter personal are dreptul, acordat de Directiva \u0219i Regulamentul european, de a-\u0219i retrage \u00een orice moment consim\u021b\u0103m\u00e2ntul pentru prelucrarea datelor cu caracter personal.<br>\u00cen cazul \u00een care persoana vizat\u0103 dore\u0219te s\u0103 \u00ee\u0219i exercite dreptul de retragere a consim\u021b\u0103m\u00e2ntului, aceasta poate contacta \u00een orice moment orice angajat al operatorului.<br><\/li><\/ul>\n\n\n\n<h3 class=\"wp-block-heading\">Temeiul juridic al prelucr\u0103rii<\/h3>\n\n\n\n<p>Articolul 6 I lit. a DS-GVO serve\u0219te drept temei juridic pentru compania noastr\u0103 pentru opera\u021biunile de prelucrare \u00een care ob\u021binem consim\u021b\u0103m\u00e2ntul pentru un scop specific de prelucrare. \u00cen cazul \u00een care prelucrarea datelor cu caracter personal este necesar\u0103 pentru executarea unui contract la care persoana vizat\u0103 este parte, cum este cazul, de exemplu, al opera\u021biunilor de prelucrare necesare pentru livrarea de bunuri sau pentru furnizarea unui alt serviciu sau contrapresta\u021bie, prelucrarea se bazeaz\u0103 pe articolul 6 I lit. b din DS-GVO. Acela\u0219i lucru este valabil \u0219i pentru opera\u021biunile de prelucrare care sunt necesare pentru punerea \u00een aplicare a m\u0103surilor precontractuale, de exemplu \u00een cazul cererilor de informa\u021bii despre produsele sau serviciile noastre. \u00cen cazul \u00een care societatea noastr\u0103 este supus\u0103 unei obliga\u021bii legale prin care prelucrarea datelor cu caracter personal devine necesar\u0103, de exemplu pentru \u00eendeplinirea obliga\u021biilor fiscale, prelucrarea se bazeaz\u0103 pe art. 6 I lit. c DS-GVO. \u00cen cazuri rare, prelucrarea datelor cu caracter personal poate deveni necesar\u0103 pentru a proteja interesele vitale ale persoanei vizate sau ale unei alte persoane fizice. Acesta ar fi cazul, de exemplu, dac\u0103 un vizitator ar fi r\u0103nit \u00een incinta noastr\u0103 \u0219i, ca urmare, numele, v\u00e2rsta, detaliile asigur\u0103rii de s\u0103n\u0103tate sau alte informa\u021bii vitale ar trebui transmise unui medic, spital sau altei p\u0103r\u021bi ter\u021be. \u00cen acest caz, prelucrarea s-ar baza pe art. 6 I lit. d DS-GVO. \u00cen cele din urm\u0103, opera\u021biunile de prelucrare ar putea fi bazate pe articolul 6 I lit. f DS-GVO. Opera\u021biunile de prelucrare care nu sunt acoperite de niciunul dintre temeiurile juridice men\u021bionate mai sus se bazeaz\u0103 pe acest temei juridic dac\u0103 prelucrarea este necesar\u0103 pentru a proteja un interes legitim al companiei noastre sau al unei ter\u021be p\u0103r\u021bi, cu condi\u021bia ca interesele, drepturile \u0219i libert\u0103\u021bile fundamentale ale persoanei vizate s\u0103 nu fie anulate. Astfel de opera\u021biuni de prelucrare ne sunt permise \u00een special pentru c\u0103 au fost men\u021bionate \u00een mod specific de c\u0103tre legiuitorul european. \u00cen acest sens, acesta a considerat c\u0103 un interes legitim poate fi presupus dac\u0103 persoana vizat\u0103 este un client al operatorului (considerentul 47, teza 2 din RGPD).<\/p>\n\n\n\n<h3 class=\"wp-block-heading\">Interesele legitime \u00een cadrul prelucr\u0103rii urm\u0103rite de operator sau de o ter\u021b\u0103 parte<\/h3>\n\n\n\n<p>\u00cen cazul \u00een care prelucrarea datelor cu caracter personal se bazeaz\u0103 pe articolul 6 I lit. f DS-GVO, interesul nostru legitim este desf\u0103\u0219urarea activit\u0103\u021bilor noastre comerciale \u00een beneficiul bun\u0103st\u0103rii tuturor angaja\u021bilor \u0219i ac\u021bionarilor no\u0219tri.<\/p>\n\n\n\n<h3 class=\"wp-block-heading\">Durata pentru care sunt stocate datele cu caracter personal<\/h3>\n\n\n\n<p>Criteriul pentru durata de stocare a datelor cu caracter personal este perioada de p\u0103strare legal\u0103 respectiv\u0103. Dup\u0103 expirarea acestei perioade, datele corespunz\u0103toare sunt \u0219terse \u00een mod obi\u0219nuit dac\u0103 nu mai sunt necesare pentru \u00eendeplinirea sau ini\u021bierea contractului.<\/p>\n\n\n\n<h3 class=\"wp-block-heading\">Cerin\u021bele legale sau contractuale de a furniza datele cu caracter personal; necesitatea \u00eencheierii contractului; obliga\u021bia persoanei vizate de a furniza datele cu caracter personal; posibilele consecin\u021be ale neprezent\u0103rii datelor<\/h3>\n\n\n\n<p>Dorim s\u0103 v\u0103 inform\u0103m c\u0103 furnizarea de date cu caracter personal este uneori impus\u0103 de lege (de exemplu, reglement\u0103ri fiscale) sau poate rezulta \u0219i din reglement\u0103ri contractuale (de exemplu, informa\u021bii despre partenerul contractual). Uneori, pentru a \u00eencheia un contract, poate fi necesar ca o persoan\u0103 vizat\u0103 s\u0103 ne furnizeze date cu caracter personal care trebuie s\u0103 fie prelucrate ulterior de c\u0103tre noi. De exemplu, persoana vizat\u0103 este obligat\u0103 s\u0103 ne furnizeze date cu caracter personal \u00een cazul \u00een care societatea noastr\u0103 \u00eencheie un contract cu aceasta. Nerespectarea obliga\u021biei de a furniza datele cu caracter personal ar \u00eensemna c\u0103 nu se poate \u00eencheia contractul cu persoana vizat\u0103. \u00cenainte de a furniza date cu caracter personal de c\u0103tre persoana vizat\u0103, aceasta trebuie s\u0103 contacteze unul dintre angaja\u021bii no\u0219tri. Angajatul nostru va informa persoana vizat\u0103, de la caz la caz, dac\u0103 furnizarea datelor cu caracter personal este impus\u0103 de lege sau de contract sau este necesar\u0103 pentru \u00eencheierea contractului, dac\u0103 exist\u0103 o obliga\u021bie de a furniza datele cu caracter personal \u0219i care ar fi consecin\u021bele nefurniz\u0103rii datelor cu caracter personal.<\/p>\n\n\n\n<h3 class=\"wp-block-heading\">Existen\u021ba procesului decizional automatizat<\/h3>\n\n\n\n<p>De regul\u0103, nu are loc niciun proces decizional automatizat (crearea de profiluri), cu excep\u021bia cazului \u00een care acest lucru este specificat \u00een mod expres \u00een informa\u021biile privind protec\u021bia datelor pentru prelucrarea respectiv\u0103.<\/p>\n\n\n\n<h3 class=\"wp-block-heading\">Dreptul de apel la autoritatea de supraveghere<\/h3>\n\n\n\n<p>\u00cen conformitate cu art. 77 DSGVO, ave\u021bi dreptul de a depune o pl\u00e2ngere la autoritatea de supraveghere \u00een cazul \u00een care considera\u021bi c\u0103 prelucrarea datelor dumneavoastr\u0103 cu caracter personal nu este legal\u0103.<\/p>\n\n\n\n<p><em>ultima actualizare: 25.04.2018<\/em><\/p>","protected":false},"excerpt":{"rendered":"<p>Eine Nutzung unserer Internetseite ist grunds\u00e4tzlich ohne jede Angabe personenbezogener Daten m\u00f6glich. Sofern eine betroffene Person besondere Services unserer Internetseite in Anspruch nehmen m\u00f6chte, k\u00f6nnte jedoch eine Verarbeitung personenbezogener Daten &hellip; <\/p>","protected":false},"author":46,"featured_media":0,"parent":0,"menu_order":0,"comment_status":"closed","ping_status":"closed","template":"","meta":{"footnotes":""},"class_list":["post-5464","page","type-page","status-publish","hentry"],"_links":{"self":[{"href":"https:\/\/www.schulzentrum-stetten-akm.de\/ro\/wp-json\/wp\/v2\/pages\/5464","targetHints":{"allow":["GET"]}}],"collection":[{"href":"https:\/\/www.schulzentrum-stetten-akm.de\/ro\/wp-json\/wp\/v2\/pages"}],"about":[{"href":"https:\/\/www.schulzentrum-stetten-akm.de\/ro\/wp-json\/wp\/v2\/types\/page"}],"author":[{"embeddable":true,"href":"https:\/\/www.schulzentrum-stetten-akm.de\/ro\/wp-json\/wp\/v2\/users\/46"}],"replies":[{"embeddable":true,"href":"https:\/\/www.schulzentrum-stetten-akm.de\/ro\/wp-json\/wp\/v2\/comments?post=5464"}],"version-history":[{"count":1,"href":"https:\/\/www.schulzentrum-stetten-akm.de\/ro\/wp-json\/wp\/v2\/pages\/5464\/revisions"}],"predecessor-version":[{"id":5465,"href":"https:\/\/www.schulzentrum-stetten-akm.de\/ro\/wp-json\/wp\/v2\/pages\/5464\/revisions\/5465"}],"wp:attachment":[{"href":"https:\/\/www.schulzentrum-stetten-akm.de\/ro\/wp-json\/wp\/v2\/media?parent=5464"}],"curies":[{"name":"wp","href":"https:\/\/api.w.org\/{rel}","templated":true}]}}