{"id":4299,"date":"2020-11-04T12:24:10","date_gmt":"2020-11-04T11:24:10","guid":{"rendered":"https:\/\/www.schulzentrum-stetten-akm.de\/?page_id=4299"},"modified":"2023-06-23T11:02:22","modified_gmt":"2023-06-23T09:02:22","slug":"snoopy-team","status":"publish","type":"page","link":"https:\/\/www.schulzentrum-stetten-akm.de\/ro\/snoopy-team\/","title":{"rendered":"Echipa Snoopy"},"content":{"rendered":"<p class=\"has-large-font-size\">Anul \u0219colar 2022\/23<\/p>\n\n\n\n<p>Echipa Snoopy se prezint\u0103...<\/p>\n\n\n\n<p>Viola Wolf, Johanna Bertsch, Jule Grathwohl, Eric Hirschberg<\/p>\n\n\n\n<figure class=\"wp-block-image size-large\"><img loading=\"lazy\" decoding=\"async\" width=\"1024\" height=\"576\" src=\"https:\/\/www.schulzentrum-stetten-akm.de\/wp-content\/uploads\/2023\/06\/Bild-Schueler-1024x576.jpg\" alt=\"\" class=\"wp-image-6096\" srcset=\"https:\/\/www.schulzentrum-stetten-akm.de\/wp-content\/uploads\/2023\/06\/Bild-Schueler-1024x576.jpg 1024w, https:\/\/www.schulzentrum-stetten-akm.de\/wp-content\/uploads\/2023\/06\/Bild-Schueler-300x169.jpg 300w, https:\/\/www.schulzentrum-stetten-akm.de\/wp-content\/uploads\/2023\/06\/Bild-Schueler-768x432.jpg 768w, https:\/\/www.schulzentrum-stetten-akm.de\/wp-content\/uploads\/2023\/06\/Bild-Schueler-18x10.jpg 18w, https:\/\/www.schulzentrum-stetten-akm.de\/wp-content\/uploads\/2023\/06\/Bild-Schueler.jpg 1386w\" sizes=\"auto, (max-width: 1024px) 100vw, 1024px\" \/><figcaption class=\"wp-element-caption\">Viola Wolf, Johanna Bertsch, Jule Grathwohl, Eric Hirschberg<\/figcaption><\/figure>\n\n\n\n<h2 class=\"wp-block-heading\">Ce este Snoopy?<\/h2>\n\n\n\n<h2 class=\"has-text-align-left wp-block-heading\"> <\/h2>\n\n\n\n<figure class=\"wp-block-image size-full\"><img loading=\"lazy\" decoding=\"async\" width=\"270\" height=\"371\" src=\"https:\/\/www.schulzentrum-stetten-akm.de\/wp-content\/uploads\/2023\/06\/Snoopy.png\" alt=\"\" class=\"wp-image-6106\" srcset=\"https:\/\/www.schulzentrum-stetten-akm.de\/wp-content\/uploads\/2023\/06\/Snoopy.png 270w, https:\/\/www.schulzentrum-stetten-akm.de\/wp-content\/uploads\/2023\/06\/Snoopy-218x300.png 218w, https:\/\/www.schulzentrum-stetten-akm.de\/wp-content\/uploads\/2023\/06\/Snoopy-9x12.png 9w\" sizes=\"auto, (max-width: 270px) 100vw, 270px\" \/><\/figure>\n\n\n\n<p>...este un serviciu oferit de capelania \u0219colii pentru \u00eengrijirea emo\u021bional\u0103 a elevilor din \u00eenv\u0103\u021b\u0103m\u00e2ntul primar \u0219i a partenerilor de \u00eenv\u0103\u021bare.<br><\/p>\n\n\n\n<p><strong>Cine este Snoopy?<\/strong><\/p>\n\n\n\n<p>...ofer\u0103 sprijin \u0219i ajutor pentru<br>&nbsp;&nbsp;&nbsp;&nbsp;&nbsp;&nbsp;&nbsp;&nbsp;&nbsp;&nbsp;&nbsp;&nbsp;&nbsp;&nbsp;&nbsp;&nbsp;&nbsp;&nbsp;&nbsp;&nbsp;&nbsp;&nbsp;&nbsp;&nbsp;&nbsp;&nbsp;&nbsp;&nbsp; pierderi,<br>&nbsp;&nbsp;&nbsp;&nbsp;&nbsp;&nbsp;&nbsp;&nbsp;&nbsp;&nbsp;&nbsp;&nbsp;&nbsp;&nbsp;&nbsp;&nbsp;&nbsp;&nbsp;&nbsp;&nbsp;&nbsp;&nbsp;&nbsp;&nbsp;&nbsp;&nbsp;&nbsp;&nbsp; Situa\u021bii de desp\u0103r\u021bire \u0219i doliu<br>&nbsp;&nbsp; prin sus\u021binerea dialogului<\/p>\n\n\n\n<p>Echip\u0103 format\u0103 din asisten\u021b\u0103 social\u0103 \u0219colar\u0103, capelanie \u0219colar\u0103, facilitator de \u00eenv\u0103\u021bare \u0219i parteneri de \u00eenv\u0103\u021bare certifica\u021bi<\/p>\n\n\n\n<p><em>&nbsp;&nbsp;&nbsp;&nbsp; <u>curent<\/u><\/em>Domnul Buck, doamna Straub, doamna Ziegler<br>&nbsp;&nbsp;&nbsp;&nbsp;<br>&nbsp;&nbsp;&nbsp;&nbsp;&nbsp;&nbsp;&nbsp;&nbsp;&nbsp;&nbsp;&nbsp;&nbsp;&nbsp;&nbsp;&nbsp;&nbsp;&nbsp;&nbsp;&nbsp;&nbsp;&nbsp;&nbsp; Erik Hirschberg, Johanna Bertsch, Viola Wolf \u0219i Jule Grathwohl (Grupul de \u00eenv\u0103\u021bare 9)<br><\/p>\n\n\n\n<h2 class=\"wp-block-heading\">Ce este \u00eengrijirea pastoral\u0103 \u00een \u0219coli?<\/h2>\n\n\n\n<p>Serviciul pentru oameni<\/p>\n\n\n\n<p>Asisten\u021ba pastoral\u0103 \u00een \u0219coli este o ofert\u0103 a bisericii pentru orientare religioas\u0103 \u0219i pentru o comuniune uman\u0103 \u00een spa\u021biul de via\u021b\u0103 al \u0219colii.<\/p>\n\n\n\n<p>Acesta este orientat spre specificul \u0219i nevoile \u0219colii.<\/p>\n\n\n\n<p>Aceasta s-a dezvoltat \u00een Snoopyteam (2018), Camera T\u0103cerii (2022) \u0219i, \u00een prezent, \u00een Proiectul Compasiunii (2022).<\/p>\n\n\n\n<p>\u00cengrijirea pastoral\u0103 \u00een \u0219coli se dore\u0219te a fi un loc \u00een care s\u0103 se g\u0103seasc\u0103 \"surse de putere\" pentru c\u0103l\u0103toria personal\u0103 prin via\u021b\u0103.<\/p>\n\n\n\n<p>Deschis pentru to\u021bi<\/p>\n\n\n\n<p>\u00cengrijirea pastoral\u0103 \u00een \u0219coli trebuie s\u0103 fie \u00een\u021beleas\u0103 ca o invita\u021bie, indiferent de apartenen\u021ba religioas\u0103. Este o ofert\u0103 care se adreseaz\u0103 tuturor celor implica\u021bi \u00een via\u021ba \u0219colii, indiferent de lec\u021bii.<\/p>\n\n\n\n<p>Confiden\u021bial \u0219i gratuit<\/p>\n\n\n\n<p>\u00cengrijirea pastoral\u0103 \u00een \u0219coli are ca scop s\u0103 \u00eei \u00eenso\u021beasc\u0103 pe oameni \u00een \u00eentreb\u0103rile, preocup\u0103rile \u0219i nevoile lor personale - \u00een mod confiden\u021bial \u0219i gratuit.<\/p>\n\n\n\n<p><strong>Despre mine<\/strong><\/p>\n\n\n\n<figure class=\"wp-block-image size-full\"><img loading=\"lazy\" decoding=\"async\" width=\"523\" height=\"731\" src=\"https:\/\/www.schulzentrum-stetten-akm.de\/wp-content\/uploads\/2023\/06\/Bild-Straub.jpg\" alt=\"\" class=\"wp-image-6111\" srcset=\"https:\/\/www.schulzentrum-stetten-akm.de\/wp-content\/uploads\/2023\/06\/Bild-Straub.jpg 523w, https:\/\/www.schulzentrum-stetten-akm.de\/wp-content\/uploads\/2023\/06\/Bild-Straub-215x300.jpg 215w, https:\/\/www.schulzentrum-stetten-akm.de\/wp-content\/uploads\/2023\/06\/Bild-Straub-9x12.jpg 9w\" sizes=\"auto, (max-width: 523px) 100vw, 523px\" \/><\/figure>\n\n\n\n<p>Sunt profesor de religie catolic\u0103 la centrul \u0219colar Stetten am kalten Markt din 2014.<\/p>\n\n\n\n<p>\u00cen vara anului 2018, am fost \u00eens\u0103rcinat oficial de c\u0103tre Biserica Catolic\u0103 \u00een calitate de capelan de \u0219coal\u0103, dup\u0103 ce am absolvit cu succes doi ani de formare suplimentar\u0103. Biserica Catolic\u0103 suport\u0103, de asemenea, costurile pentru activitatea mea pastoral\u0103 la centrul \u0219colar.<\/p>\n\n\n\n<p><strong>Oferte ale capelaniei \u0219colare<\/strong><\/p>\n\n\n\n<p><em>Consiliere \u0219i acompaniament...<\/em><\/p>\n\n\n\n<p><em>- cu probleme personale \u0219i \u0219colare<\/em><\/p>\n\n\n\n<p><em>- \u00een via\u021ba personal\u0103 \u0219i \u00een situa\u021bii de criz\u0103<\/em><\/p>\n\n\n\n<p><em>Fiind un interlocutor...<\/em><\/p>\n\n\n\n<ul class=\"wp-block-list\">\n<li>C\u00e2nd sunt abordate \u00eentreb\u0103rile legate de sens, de Dumnezeu<\/li>\n<\/ul>\n\n\n\n<p><em>Lucrul cu doliul \u0219i interven\u021bia \u00een situa\u021bii de criz\u0103...<\/em><\/p>\n\n\n\n<ul class=\"wp-block-list\">\n<li>Proiectul \"Ghiozdanul durerii\" - Snoopyteam<\/li>\n\n\n\n<li>Camera t\u0103cerii<\/li>\n<\/ul>\n\n\n\n<p><em>Compasiune<\/em><\/p>\n\n\n\n<ul class=\"wp-block-list\">\n<li>Introducere \u0219i sprijin<\/li>\n<\/ul>\n\n\n\n<p><em>Ajutarea la organizarea serviciilor biserice\u0219ti<\/em><\/p>\n\n\n\n<p><strong>Contacta\u021bi<\/strong><\/p>\n\n\n\n<p>Martina Straub - Capelanul \u0219colii<\/p>\n\n\n\n<p><a href=\"mailto:straub@schulzentrum-stetten-akm.de\">straub@schulzentrum-stetten-akm.de<\/a><\/p>\n\n\n\n<p>Secretariatul \u0219colii: 07573 95190 (doamna Keller, doamna Hotz)<\/p>","protected":false},"excerpt":{"rendered":"<p>Schuljahr 2022\/23 Das Snoopy-Team stellt sich vor&#8230; Viola Wolf, Johanna Bertsch, Jule Grathwohl, Eric Hirschberg Was ist Snoopy? \u2026ist ein Angebot der Schulseelsorge zur emotionalen Betreuung von Grundsch\u00fclern und Lernpartner*innen &hellip; <\/p>","protected":false},"author":1,"featured_media":0,"parent":0,"menu_order":0,"comment_status":"closed","ping_status":"closed","template":"","meta":{"footnotes":""},"class_list":["post-4299","page","type-page","status-publish","hentry"],"_links":{"self":[{"href":"https:\/\/www.schulzentrum-stetten-akm.de\/ro\/wp-json\/wp\/v2\/pages\/4299","targetHints":{"allow":["GET"]}}],"collection":[{"href":"https:\/\/www.schulzentrum-stetten-akm.de\/ro\/wp-json\/wp\/v2\/pages"}],"about":[{"href":"https:\/\/www.schulzentrum-stetten-akm.de\/ro\/wp-json\/wp\/v2\/types\/page"}],"author":[{"embeddable":true,"href":"https:\/\/www.schulzentrum-stetten-akm.de\/ro\/wp-json\/wp\/v2\/users\/1"}],"replies":[{"embeddable":true,"href":"https:\/\/www.schulzentrum-stetten-akm.de\/ro\/wp-json\/wp\/v2\/comments?post=4299"}],"version-history":[{"count":11,"href":"https:\/\/www.schulzentrum-stetten-akm.de\/ro\/wp-json\/wp\/v2\/pages\/4299\/revisions"}],"predecessor-version":[{"id":6113,"href":"https:\/\/www.schulzentrum-stetten-akm.de\/ro\/wp-json\/wp\/v2\/pages\/4299\/revisions\/6113"}],"wp:attachment":[{"href":"https:\/\/www.schulzentrum-stetten-akm.de\/ro\/wp-json\/wp\/v2\/media?parent=4299"}],"curies":[{"name":"wp","href":"https:\/\/api.w.org\/{rel}","templated":true}]}}