{"id":370,"date":"2018-10-16T21:29:28","date_gmt":"2018-10-16T19:29:28","guid":{"rendered":"https:\/\/www.schulzentrum-stetten-akm.sig.schule-bw.de\/?page_id=370"},"modified":"2025-11-11T14:22:33","modified_gmt":"2025-11-11T13:22:33","slug":"scoala-comunitara","status":"publish","type":"page","link":"https:\/\/www.schulzentrum-stetten-akm.de\/ro\/scoala-noastra\/scoala-comunitara\/","title":{"rendered":"\u0218coal\u0103 comunitar\u0103"},"content":{"rendered":"<p>The&nbsp;<strong>\u0218coal\u0103 comunitar\u0103<\/strong>&nbsp;este o \u0219coal\u0103 orientat\u0103 spre realiz\u0103ri, care sprijin\u0103 copiii \u0219i tinerii cu diferite talente. To\u021bi elevii \u00eenva\u021b\u0103 \u00eempreun\u0103.<\/p>\n\n\n\n<p><strong>Posibile calific\u0103ri de absolvire a \u0219colii comunitare<\/strong><\/p>\n\n\n\n<p>La \u0219coala comunitar\u0103, se pot lua Hauptschulabschluss \u0219i Realschulabschluss. Se organizeaz\u0103 acelea\u0219i examene finale ca \u0219i la celelalte \u0219coli generale. \u00cen cazul \u00een care exist\u0103 o nevoie public\u0103, \u00een special un num\u0103r suficient de elevi, \u0219coala comunitar\u0103 poate oferi propria \u0219coal\u0103 superioar\u0103 \u0219i, prin urmare, \u0219i Abitur. \u00cen plus, este posibil un transfer la \u0219coala superioar\u0103 a unui gimnaziu general sau la un gimnaziu profesional, dac\u0103 sunt \u00eendeplinite cerin\u021bele relevante.<\/p>\n\n\n\n<p><strong>\u00cenv\u0103\u021barea \u00een \u0219coala comunitar\u0103<\/strong><\/p>\n\n\n\n<p>\u00cen cadrul \u0219colii comunitare, \u00eenv\u0103\u021b\u0103m\u00e2ntul este oferit la trei niveluri diferite. Nivelul de baz\u0103 duce la Hauptschulabschluss, nivelul intermediar la Realschulabschluss \u0219i nivelul extins la Abitur. \u00cenv\u0103\u021barea este organizat\u0103 \u00eentr-un mod stimulativ pentru elevi. \u00cenv\u0103\u021barea independent\u0103 are loc la fel de mult ca \u0219i \u00eenv\u0103\u021barea \u00eempreun\u0103. Sunt folosite \u0219i metode tradi\u021bionale de predare. Elevii \u00eenva\u021b\u0103 sub \u00eendrumarea profesorilor. Profesorii \u00ee\u0219i asum\u0103 diferite roluri: ca ghizi de \u00eenv\u0103\u021bare, ca antrenori \u0219i ca profesori tradi\u021bionali.<\/p>\n\n\n\n<p><strong>Asigurarea vizibilit\u0103\u021bii progreselor \u00een \u00eenv\u0103\u021bare<\/strong><\/p>\n\n\n\n<p>Mul\u021bi elevi au performan\u021be diferite la diferite materii. \u00cen \u0219coala comunitar\u0103, cu excep\u021bia claselor finale \u0219i, eventual, a \u0219colii superioare, ace\u0219tia au posibilitatea, la disciplinele individuale, de a&nbsp;<strong>s\u0103 \u00eenve\u021be la diferite niveluri<\/strong>. Pentru ca to\u021bi participan\u021bii s\u0103 poat\u0103 evalua corect progresul \u00eenv\u0103\u021b\u0103rii, elevii lucreaz\u0103 de obicei cu grile de competen\u021be. Elevii primesc feedback la \u00eentreb\u0103rile referitoare la domeniile de \u00eenv\u0103\u021bare respective: \"Ce pot face?\" \u0219i \"C\u00e2t de bine pot face acest lucru?\". Grila de competen\u021be face posibil\u0103 planificarea propriului proces de \u00eenv\u0103\u021bare, stabilirea de obiective \u0219i g\u0103sirea propriului ritm de \u00eenv\u0103\u021bare. Aceasta ofer\u0103, de asemenea, o baz\u0103 central\u0103 pentru discu\u021biile dintre elevi \u0219i profesori, precum \u0219i pentru&nbsp;<strong>Sesiuni de consiliere cu p\u0103rin\u021bii<\/strong> creat.<\/p>\n\n\n\n<p>\u00cen loc de un carnet de note \u00een care performan\u021ba este evaluat\u0103 prin calificative, elevii din \u0219coala comunitar\u0103 primesc un raport detaliat de dezvoltare a \u00eenv\u0103\u021b\u0103rii. La cererea p\u0103rin\u021bilor, raportul poate fi completat cu note.&nbsp;<strong>\u00cen \u0219coala comunitar\u0103, nu exist\u0103 \"Sitzenbleiben\".<\/strong>.<\/p>\n\n\n\n<p>Das Anmeldeformular f\u00fcr die Klasse 5 finden sie unter &#8222;Information Neue 5er&#8220; auf der Startseite.<\/p>\n\n\n\n<p><\/p>","protected":false},"excerpt":{"rendered":"<p>Die&nbsp;Gemeinschaftsschule&nbsp;ist eine leistungsorientierte Schule, die Kinder und Jugendliche mit unterschiedlichen Begabungen f\u00f6rdert. Alle Sch\u00fclerinnen und Sch\u00fcler lernen gemeinsam. M\u00f6gliche Schulabschl\u00fcsse an der Gemeinschaftsschule An der Gemeinschaftsschule k\u00f6nnen der Hauptschulabschluss und &hellip; <\/p>","protected":false},"author":1,"featured_media":0,"parent":336,"menu_order":0,"comment_status":"closed","ping_status":"closed","template":"","meta":{"footnotes":""},"class_list":["post-370","page","type-page","status-publish","hentry"],"_links":{"self":[{"href":"https:\/\/www.schulzentrum-stetten-akm.de\/ro\/wp-json\/wp\/v2\/pages\/370","targetHints":{"allow":["GET"]}}],"collection":[{"href":"https:\/\/www.schulzentrum-stetten-akm.de\/ro\/wp-json\/wp\/v2\/pages"}],"about":[{"href":"https:\/\/www.schulzentrum-stetten-akm.de\/ro\/wp-json\/wp\/v2\/types\/page"}],"author":[{"embeddable":true,"href":"https:\/\/www.schulzentrum-stetten-akm.de\/ro\/wp-json\/wp\/v2\/users\/1"}],"replies":[{"embeddable":true,"href":"https:\/\/www.schulzentrum-stetten-akm.de\/ro\/wp-json\/wp\/v2\/comments?post=370"}],"version-history":[{"count":7,"href":"https:\/\/www.schulzentrum-stetten-akm.de\/ro\/wp-json\/wp\/v2\/pages\/370\/revisions"}],"predecessor-version":[{"id":8587,"href":"https:\/\/www.schulzentrum-stetten-akm.de\/ro\/wp-json\/wp\/v2\/pages\/370\/revisions\/8587"}],"up":[{"embeddable":true,"href":"https:\/\/www.schulzentrum-stetten-akm.de\/ro\/wp-json\/wp\/v2\/pages\/336"}],"wp:attachment":[{"href":"https:\/\/www.schulzentrum-stetten-akm.de\/ro\/wp-json\/wp\/v2\/media?parent=370"}],"curies":[{"name":"wp","href":"https:\/\/api.w.org\/{rel}","templated":true}]}}