{"id":5464,"date":"2022-10-02T09:14:58","date_gmt":"2022-10-02T07:14:58","guid":{"rendered":"https:\/\/www.schulzentrum-stetten-akm.de\/?page_id=5464"},"modified":"2022-10-02T09:14:59","modified_gmt":"2022-10-02T07:14:59","slug":"deklaracja-ochrony-danych","status":"publish","type":"page","link":"https:\/\/www.schulzentrum-stetten-akm.de\/pl\/deklaracja-ochrony-danych\/","title":{"rendered":"Polityka prywatno\u015bci"},"content":{"rendered":"<p>Korzystanie z naszej strony internetowej jest mo\u017cliwe bez podawania danych osobowych. Je\u015bli jednak podmiot danych chce skorzysta\u0107 ze specjalnych us\u0142ug naszej strony internetowej, przetwarzanie danych osobowych mo\u017ce sta\u0107 si\u0119 konieczne. Je\u015bli przetwarzanie danych osobowych jest konieczne i je\u015bli nie ma podstawy prawnej do takiego przetwarzania, zasadniczo uzyskamy zgod\u0119 osoby, kt\u00f3rej dane dotycz\u0105.<\/p>\n\n\n\n<p>Przetwarzanie danych osobowych, takich jak nazwisko, adres, adres e-mail lub numer telefonu osoby, kt\u00f3rej dane dotycz\u0105, odbywa si\u0119 zawsze zgodnie z og\u00f3lnym rozporz\u0105dzeniem o ochronie danych i zgodnie z naszymi obowi\u0105zuj\u0105cymi przepisami dotycz\u0105cymi ochrony danych w danym kraju. Poprzez niniejsze o\u015bwiadczenie o ochronie danych chcieliby\u015bmy poinformowa\u0107 opini\u0119 publiczn\u0105 o rodzaju, zakresie i celu danych osobowych, kt\u00f3re gromadzimy, wykorzystujemy i przetwarzamy. Ponadto osoby, kt\u00f3rych dane dotycz\u0105, s\u0105 informowane o swoich prawach za pomoc\u0105 niniejszej deklaracji ochrony danych.<\/p>\n\n\n\n<p>Zastosowali\u015bmy liczne \u015brodki techniczne i organizacyjne, aby zapewni\u0107 mo\u017cliwie najpe\u0142niejsz\u0105 ochron\u0119 danych osobowych przetwarzanych za po\u015brednictwem tej strony internetowej. Niemniej jednak, transmisja danych przez Internet zawsze mo\u017ce mie\u0107 luki w zabezpieczeniach, tak \u017ce nie mo\u017cna zagwarantowa\u0107 ca\u0142kowitej ochrony. Z tego powodu ka\u017cda osoba, kt\u00f3rej dane dotycz\u0105, mo\u017ce przekaza\u0107 nam dane osobowe za pomoc\u0105 alternatywnych \u015brodk\u00f3w, na przyk\u0142ad telefonicznie.<\/p>\n\n\n\n<h3 class=\"wp-block-heading\">Pa\u0144stwa osoby kontaktowe<\/h3>\n\n\n\n<p><strong>Osoba odpowiedzialna \/ inspektor ochrony danych:<\/strong><br>O\u015brodek Szkolny Stetten a.k.M.<br>Dr Christof Probst<br>Albstra\u00dfe 5<br>72510 Stetten a.k.M.<br>Datenschutz@ssa-als.kv.bwl.de<br><br><strong>Nadz\u00f3r nad ochron\u0105 danych osobowych:<\/strong><br>Ochrony Danych i Wolno\u015bci Informacji Badenii-Wirtembergii\" (LfDI)<br>Lautenschlagerstr. 20<br>70173 Stuttgart<\/p>\n\n\n\n<h3 class=\"wp-block-heading\">Definicje<\/h3>\n\n\n\n<p>Niniejsze o\u015bwiadczenie o ochronie danych opiera si\u0119 na poj\u0119ciach stosowanych przez Dyrektyw\u0119 Europejsk\u0105 i Rozporz\u0105dzenie Producenta przy uchwalaniu Og\u00f3lnego Rozporz\u0105dzenia o Ochronie Danych (DS-GVO). Nasze o\u015bwiadczenie o ochronie danych powinno by\u0107 \u0142atwe do odczytania i zrozumienia zar\u00f3wno dla spo\u0142ecze\u0144stwa, jak i dla naszych klient\u00f3w i partner\u00f3w biznesowych. Aby to zapewni\u0107, chcieliby\u015bmy wcze\u015bniej wyja\u015bni\u0107 stosowane terminy.<\/p>\n\n\n\n<p>W niniejszej polityce prywatno\u015bci stosujemy <strong>ewentualnie<\/strong> m.in. nast\u0119puj\u0105ce terminy:<\/p>\n\n\n\n<ul class=\"wp-block-list\"><li>dane osobowe<br>Dane osobowe oznaczaj\u0105 wszelkie informacje dotycz\u0105ce zidentyfikowanej lub mo\u017cliwej do zidentyfikowania osoby fizycznej (dalej \"osoba, kt\u00f3rej dane dotycz\u0105\"). Mo\u017cliwa do zidentyfikowania osoba fizyczna to taka, kt\u00f3r\u0105 mo\u017cna bezpo\u015brednio lub po\u015brednio zidentyfikowa\u0107, w szczeg\u00f3lno\u015bci na podstawie identyfikatora takiego jak imi\u0119 i nazwisko, numer identyfikacyjny, dane o lokalizacji, identyfikator internetowy lub jeden b\u0105d\u017a kilka szczeg\u00f3lnych czynnik\u00f3w okre\u015blaj\u0105cych fizyczn\u0105, fizjologiczn\u0105, genetyczn\u0105, psychiczn\u0105, ekonomiczn\u0105, kulturow\u0105 lub spo\u0142eczn\u0105 to\u017csamo\u015b\u0107 tej osoby fizycznej.<br><\/li><li>osoba zainteresowana<br>Podmiot danych oznacza ka\u017cd\u0105 zidentyfikowan\u0105 lub mo\u017cliw\u0105 do zidentyfikowania osob\u0119 fizyczn\u0105, kt\u00f3rej dane osobowe s\u0105 przetwarzane przez administratora.<br><\/li><li>Przetwarzanie<br>Przetwarzanie to ka\u017cda operacja lub zestaw operacji wykonywanych na danych osobowych w spos\u00f3b zautomatyzowany lub niezautomatyzowany, takich jak gromadzenie, zapisywanie, organizowanie, archiwizowanie, przechowywanie, dostosowywanie lub zmienianie, odzyskiwanie, konsultowanie, wykorzystywanie, ujawnianie przez przekazywanie, rozpowszechnianie lub udost\u0119pnianie w inny spos\u00f3b, dopasowywanie lub \u0142\u0105czenie, ograniczanie, usuwanie lub niszczenie.<br><\/li><li>Ograniczenie przetwarzania<br>Ograniczenie przetwarzania to oznaczenie przechowywanych danych osobowych w celu ograniczenia ich przysz\u0142ego przetwarzania.<br><\/li><li>Profilowanie<br>Profilowanie to jakakolwiek forma zautomatyzowanego przetwarzania danych osobowych, kt\u00f3re polega na wykorzystaniu tych danych osobowych do oceny niekt\u00f3rych aspekt\u00f3w osobowych dotycz\u0105cych osoby fizycznej, w szczeg\u00f3lno\u015bci do analizy lub prognozy aspekt\u00f3w dotycz\u0105cych efekt\u00f3w pracy tej osoby fizycznej, jej sytuacji ekonomicznej, zdrowia, osobistych preferencji, zainteresowa\u0144, wiarygodno\u015bci, zachowania, lokalizacji lub zmiany lokalizacji.<br><\/li><li>Pseudonimizacja<br>Pseudonimizacja to przetwarzanie danych osobowych w taki spos\u00f3b, \u017ce danych osobowych nie mo\u017cna ju\u017c przypisa\u0107 konkretnej osobie, kt\u00f3rej dane dotycz\u0105, bez u\u017cycia dodatkowych informacji, pod warunkiem \u017ce takie dodatkowe informacje s\u0105 przechowywane oddzielnie i podlegaj\u0105 \u015brodkom technicznym i organizacyjnym maj\u0105cym na celu zapewnienie, \u017ce dane osobowe nie zostan\u0105 przypisane zidentyfikowanej lub mo\u017cliwej do zidentyfikowania osobie fizycznej.<br><\/li><li>Kontroler lub osoba odpowiedzialna za przetwarzanie danych<br>Administrator lub osoba odpowiedzialna za przetwarzanie to osoba fizyczna lub prawna, organ publiczny, agencja lub inny podmiot, kt\u00f3ry samodzielnie lub wsp\u00f3lnie z innymi okre\u015bla cele i sposoby przetwarzania danych osobowych. Je\u015bli cele i sposoby takiego przetwarzania s\u0105 okre\u015blone w prawie Unii lub pa\u0144stwa cz\u0142onkowskiego, administrator lub szczeg\u00f3lne kryteria jego wyznaczenia mog\u0105 by\u0107 przewidziane w prawie Unii lub pa\u0144stwa cz\u0142onkowskiego.<br><\/li><li>Procesor<br>Przetwarzaj\u0105cy oznacza osob\u0119 fizyczn\u0105 lub prawn\u0105, organ publiczny, agencj\u0119 lub inny organ, kt\u00f3ry przetwarza dane osobowe w imieniu administratora.<br><\/li><li>Odbiornik<br>Odbiorca to osoba fizyczna lub prawna, organ publiczny, agencja lub inny podmiot, kt\u00f3remu ujawnia si\u0119 dane osobowe, niezale\u017cnie od tego, czy jest to osoba trzecia. Za odbiorc\u00f3w nie uwa\u017ca si\u0119 jednak organ\u00f3w publicznych, kt\u00f3re mog\u0105 otrzymywa\u0107 dane osobowe w kontek\u015bcie konkretnego zadania dochodzeniowego na mocy prawa Unii lub pa\u0144stwa cz\u0142onkowskiego.<br><\/li><li>Trzeci<br>Strona trzecia oznacza osob\u0119 fizyczn\u0105 lub prawn\u0105, w\u0142adz\u0119 publiczn\u0105, agencj\u0119 lub inny organ inny ni\u017c podmiot danych, administrator, podmiot przetwarzaj\u0105cy oraz osoby upowa\u017cnione do przetwarzania danych osobowych na bezpo\u015bredni\u0105 odpowiedzialno\u015b\u0107 administratora lub podmiotu przetwarzaj\u0105cego.<br><\/li><li>Zgoda<br>Zgoda oznacza dowolne, konkretne i \u015bwiadome wskazanie woli podmiotu danych w formie o\u015bwiadczenia lub innego jednoznacznego aktu potwierdzaj\u0105cego, za pomoc\u0105 kt\u00f3rego podmiot danych wyra\u017ca zgod\u0119 na przetwarzanie dotycz\u0105cych go danych osobowych.<\/li><\/ul>\n\n\n\n<h3 class=\"wp-block-heading\">Linki do innych stron internetowych<\/h3>\n\n\n\n<p>W przypadku gdy podajemy linki do stron internetowych innych organizacji, niniejsza informacja o prywatno\u015bci nie ma zastosowania do przetwarzania danych osobowych przez t\u0119 organizacj\u0119. Dlatego zalecamy zapoznanie si\u0119 z informacjami o ochronie prywatno\u015bci znajduj\u0105cymi si\u0119 na innych odwiedzanych stronach internetowych.<\/p>\n\n\n\n<h3 class=\"wp-block-heading\">Przekazywanie danych do pa\u0144stw trzecich<\/h3>\n\n\n\n<p>Z regu\u0142y dane nie s\u0105 przekazywane do kraj\u00f3w trzecich, chyba \u017ce jest to wyra\u017anie zaznaczone w informacji o ochronie danych dla danego przetwarzania.<\/p>\n\n\n\n<h3 class=\"wp-block-heading\">Cookies<\/h3>\n\n\n\n<p>Korzystamy z plik\u00f3w cookies. Cookies to pliki tekstowe, kt\u00f3re s\u0105 umieszczane i przechowywane w systemie komputerowym za po\u015brednictwem przegl\u0105darki internetowej.<\/p>\n\n\n\n<p>Liczne strony internetowe i serwery wykorzystuj\u0105 pliki cookies. Wiele plik\u00f3w cookie zawiera tak zwany identyfikator pliku cookie. ID pliku cookie to unikalny identyfikator pliku cookie. Sk\u0142ada si\u0119 on z ci\u0105gu znak\u00f3w, za pomoc\u0105 kt\u00f3rych strony internetowe i serwery mog\u0105 zosta\u0107 przyporz\u0105dkowane do konkretnej przegl\u0105darki internetowej, w kt\u00f3rej zapisany zosta\u0142 plik cookie. Dzi\u0119ki temu odwiedzane strony internetowe i serwery mog\u0105 odr\u00f3\u017cni\u0107 indywidualn\u0105 przegl\u0105dark\u0119 podmiotu danych od innych przegl\u0105darek internetowych, kt\u00f3re zawieraj\u0105 inne pliki cookie. Dzi\u0119ki niepowtarzalnemu identyfikatorowi plik\u00f3w cookie mo\u017cna rozpozna\u0107 i zidentyfikowa\u0107 konkretn\u0105 przegl\u0105dark\u0119 internetow\u0105.<\/p>\n\n\n\n<p>Dzi\u0119ki wykorzystaniu plik\u00f3w cookies mo\u017cemy zapewni\u0107 u\u017cytkownikom tej strony internetowej bardziej przyjazne us\u0142ugi, kt\u00f3re nie by\u0142yby mo\u017cliwe bez ustawienia plik\u00f3w cookies.<\/p>\n\n\n\n<p>Za pomoc\u0105 plik\u00f3w cookie informacje i oferty na naszej stronie internetowej mog\u0105 by\u0107 zoptymalizowane w sensie u\u017cytkownika. Jak ju\u017c wspomniano, pliki cookie umo\u017cliwiaj\u0105 nam rozpoznanie u\u017cytkownik\u00f3w naszej strony internetowej. Celem tego rozpoznania jest u\u0142atwienie u\u017cytkownikom korzystania z naszej strony internetowej. Na przyk\u0142ad u\u017cytkownik strony internetowej, kt\u00f3ra wykorzystuje pliki cookie, nie musi przy ka\u017cdej wizycie na stronie ponownie wprowadza\u0107 swoich danych dost\u0119powych, poniewa\u017c robi to strona internetowa i plik cookie zapisany w systemie komputerowym u\u017cytkownika. Innym przyk\u0142adem jest plik cookie koszyka zakup\u00f3w w sklepie internetowym. Sklep internetowy zapami\u0119tuje przedmioty, kt\u00f3re klient umie\u015bci\u0142 w wirtualnym koszyku za po\u015brednictwem pliku cookie.<\/p>\n\n\n\n<p>Osoba, kt\u00f3rej dane dotycz\u0105, mo\u017ce w ka\u017cdej chwili zapobiec ustawieniu plik\u00f3w cookie przez nasz\u0105 stron\u0119 internetow\u0105 poprzez odpowiednie ustawienie u\u017cywanej przegl\u0105darki internetowej i w ten spos\u00f3b trwale sprzeciwi\u0107 si\u0119 ustawieniu plik\u00f3w cookie. Ponadto ju\u017c ustawione pliki cookie mo\u017cna w ka\u017cdej chwili usun\u0105\u0107 za pomoc\u0105 przegl\u0105darki internetowej lub innych program\u00f3w komputerowych. Jest to mo\u017cliwe we wszystkich popularnych przegl\u0105darkach internetowych. Je\u017celi osoba, kt\u00f3rej dane dotycz\u0105, dezaktywuje ustawienie plik\u00f3w cookie w u\u017cywanej przegl\u0105darce internetowej, nie wszystkie funkcje naszej strony internetowej mog\u0105 by\u0107 w pe\u0142ni mo\u017cliwe do wykorzystania.<br>O tym, jak zarz\u0105dza\u0107 (w tym wy\u0142\u0105cza\u0107) plikami cookie w g\u0142\u00f3wnych przegl\u0105darkach, mo\u017cna dowiedzie\u0107 si\u0119, korzystaj\u0105c z poni\u017cszych link\u00f3w:<br>Przegl\u0105darka Chrome: <a href=\"https:\/\/support.google.com\/accounts\/answer\/61416?hl=de\" target=\"_blank\" rel=\"noreferrer noopener\">https:\/\/support.google.com\/accounts\/answer\/61416?hl=de<\/a><br>Internet Explorer: <a href=\"https:\/\/support.microsoft.com\/de-de\/help\/17442\/windows-internet-explorer-delete-manage-cookies\" target=\"_blank\" rel=\"noreferrer noopener\">https:\/\/support.microsoft.com\/de-de\/help\/17442\/windows-internet-explorer-delete-manage-cookies<\/a><br>Mozilla Firefox: <a href=\"https:\/\/support.mozilla.org\/de\/kb\/cookies-erlauben-und-ablehnen\" target=\"_blank\" rel=\"noreferrer noopener\">https:\/\/support.mozilla.org\/de\/kb\/cookies-erlauben-und-ablehnen<\/a><br>Safari: <a href=\"https:\/\/support.apple.com\/de-de\/guide\/safari\/manage-cookies-and-website-data-sfri11471\/mac\" target=\"_blank\" rel=\"noreferrer noopener\">https:\/\/support.apple.com\/de-de\/guide\/safari\/manage-cookies-and-website-data-sfri11471\/mac<\/a><\/p>\n\n\n\n<p>\" <a href=\"\/pl\/polityka-cookies\/\">Nasza polityka dotycz\u0105ca plik\u00f3w cookies<\/a><\/p>\n\n\n\n<h3 class=\"wp-block-heading\">Gromadzenie og\u00f3lnych danych i informacji<\/h3>\n\n\n\n<p>Nasza strona internetowa gromadzi szereg danych og\u00f3lnych i informacji przy ka\u017cdym dost\u0119pie podmiotu danych lub systemu automatycznego. Te og\u00f3lne dane i informacje s\u0105 przechowywane w <strong>Pliki dziennika <\/strong>serwera. Mog\u0105 by\u0107 zbierane nast\u0119puj\u0105ce dane: (1) typy i wersje u\u017cywanych przegl\u0105darek, (2) system operacyjny u\u017cywany przez system dost\u0119pu, (3) strona internetowa, z kt\u00f3rej system dost\u0119pu uzyskuje dost\u0119p do naszej strony internetowej (tzw. referrer), (4) podstrony internetowe, do kt\u00f3rych system dost\u0119pu uzyskuje dost\u0119p na naszej stronie internetowej, (5) data i godzina dost\u0119pu do strony internetowej, (6) adres protoko\u0142u internetowego (adres IP), (7) dostawca us\u0142ug internetowych systemu dost\u0119pu oraz (8) inne podobne dane i informacje, <strong>kt\u00f3re s\u0142u\u017c\u0105 do za\u017cegnania niebezpiecze\u0144stwa w przypadku atak\u00f3w na nasze systemy informatyczne<\/strong>.<\/p>\n\n\n\n<p>Korzystaj\u0105c z tych og\u00f3lnych danych i informacji nie wyci\u0105gamy \u017cadnych wniosk\u00f3w na temat podmiotu danych. Informacje te s\u0105 raczej wymagane w celu (1) prawid\u0142owego dostarczania tre\u015bci naszej strony internetowej, (2) optymalizacji tre\u015bci naszej strony internetowej, jak r\u00f3wnie\u017c reklamy dla tych\u017ce, (3) zapewnienia sta\u0142ej operatywno\u015bci naszych system\u00f3w informatycznych i technologii naszej strony internetowej, jak r\u00f3wnie\u017c (4) dostarczenia organom \u015bcigania informacji niezb\u0119dnych do \u015bcigania w przypadku cyberataku. Dlatego te\u017c anonimowo zebrane dane i informacje s\u0105 z jednej strony statystycznie oceniane, a z drugiej strony ewaluowane w celu zwi\u0119kszenia ochrony danych i bezpiecze\u0144stwa danych, tak aby ostatecznie zapewni\u0107 optymalny poziom ochrony przetwarzanych przez nas danych osobowych. Anonimowe dane plik\u00f3w dziennika serwera s\u0105 przechowywane oddzielnie od wszelkich danych osobowych dostarczonych przez osob\u0119, kt\u00f3rej dane dotycz\u0105.<\/p>\n\n\n\n<h3 class=\"wp-block-heading\">Kontakt<\/h3>\n\n\n\n<p><strong>Kontakt drog\u0105 pocztow\u0105<\/strong><br>Je\u015bli inicjuj\u0105 Pa\u0144stwo kontakt biznesowy z nami za po\u015brednictwem poczty elektronicznej, gromadzimy Pa\u0144stwa dane osobowe (nazwisko, adres e-mail, tekst wiadomo\u015bci) tylko w zakresie podanym przez Pa\u0144stwa. Przetwarzanie danych s\u0142u\u017cy realizacji i odpowiedzi na Pa\u0144stwa zapytanie o kontakt.<br>Je\u015bli kontakt s\u0142u\u017cy realizacji dzia\u0142a\u0144 przedumownych (np. doradztwo w przypadku zainteresowania zakupem, przygotowanie oferty) lub dotyczy ju\u017c zawartej mi\u0119dzy Pa\u0144stwem a nami umowy, to przetwarzanie danych odbywa si\u0119 na podstawie art. 6 ust. 1 lit. b DSGVO.<br>Je\u015bli kontakt nast\u0119puje z innych powod\u00f3w, to przetwarzanie danych odbywa si\u0119 na podstawie art. 6 ust. 1 lit. f DSGVO ze wzgl\u0119du na nasz nadrz\u0119dny uzasadniony interes w przetwarzaniu i odpowiadaniu na Pa\u0144stwa zapytanie. <em>W takim przypadku maj\u0105 Pa\u0144stwo prawo w dowolnym momencie wnie\u015b\u0107 sprzeciw wobec takiego przetwarzania dotycz\u0105cych Pa\u0144stwa danych osobowych na podstawie art. 6 ust. 1 lit. f DSGVO z przyczyn wynikaj\u0105cych z Pa\u0144stwa szczeg\u00f3lnej sytuacji.<\/em><br>Tw\u00f3j adres e-mail wykorzystujemy tylko do przetworzenia Twojego zapytania. Nast\u0119pnie Pa\u0144stwa dane zostan\u0105 usuni\u0119te zgodnie z prawnymi okresami przechowywania, chyba \u017ce wyrazili Pa\u0144stwo zgod\u0119 na dalsze przetwarzanie i wykorzystywanie.<\/p>\n\n\n\n<p>Funkcja komentarzy w blogu na stronie internetowej<\/p>\n\n\n\n<p>Oferujemy u\u017cytkownikom mo\u017cliwo\u015b\u0107 pozostawiania indywidualnych komentarzy do poszczeg\u00f3lnych post\u00f3w.<\/p>\n\n\n\n<p>Je\u015bli dana osoba zostawia komentarz w po\u015bcie, opr\u00f3cz komentarzy pozostawionych przez dan\u0105 osob\u0119, zapisywane i publikowane s\u0105 r\u00f3wnie\u017c informacje o czasie wpisania komentarza oraz nazwa wybrana przez dan\u0105 osob\u0119. Ponadto rejestrowany jest r\u00f3wnie\u017c adres IP przypisany przez dostawc\u0119 us\u0142ug internetowych (ISP) danej osoby. <strong>Takie przechowywanie adresu IP ma miejsce ze wzgl\u0119d\u00f3w bezpiecze\u0144stwa oraz w przypadku, gdy dana osoba narusza prawa os\u00f3b trzecich poprzez zamieszczenie komentarza lub zamieszcza tre\u015bci niezgodne z prawem.<\/strong>. Przechowywanie tych danych osobowych le\u017cy zatem we w\u0142asnym interesie administratora, aby w razie potrzeby w przypadku naruszenia przepis\u00f3w m\u00f3g\u0142 si\u0119 on ekskulpowa\u0107. Zebrane dane osobowe nie b\u0119d\u0105 ujawniane osobom trzecim, chyba \u017ce takie ujawnienie jest wymagane przez prawo lub jest niezb\u0119dne do obrony prawnej administratora.<\/p>\n\n\n\n<h3 class=\"wp-block-heading\">Rutynowe usuwanie i blokowanie danych osobowych<\/h3>\n\n\n\n<p>Administrator przetwarza i przechowuje dane osobowe osoby, kt\u00f3rej dane dotycz\u0105, wy\u0142\u0105cznie przez czas niezb\u0119dny do osi\u0105gni\u0119cia celu przechowywania lub gdy przewiduje to dyrektywa i rozporz\u0105dzenie europejskie lub inny ustawodawca w ustawach lub rozporz\u0105dzeniach, kt\u00f3rym podlega administrator.<\/p>\n\n\n\n<p>Je\u015bli cel przechowywania nie ma ju\u017c zastosowania lub je\u015bli up\u0142ynie okres przechowywania przewidziany przez dyrektyw\u0119 i rozporz\u0105dzenie europejskie lub innego w\u0142a\u015bciwego ustawodawc\u0119, dane osobowe zostan\u0105 rutynowo zablokowane lub usuni\u0119te zgodnie z przepisami ustawowymi.<\/p>\n\n\n\n<h3 class=\"wp-block-heading\">Prawa osoby, kt\u00f3rej dotycz\u0105 dane<\/h3>\n\n\n\n<ul class=\"wp-block-list\"><li>Prawo do potwierdzenia<br>Ka\u017cdy podmiot danych ma prawo, przyznane przez dyrektyw\u0119 europejsk\u0105 i rozporz\u0105dzenie, do uzyskania od administratora potwierdzenia, czy przetwarzane s\u0105 dane osobowe go dotycz\u0105ce. Je\u017celi osoba, kt\u00f3rej dane dotycz\u0105, chce skorzysta\u0107 z tego prawa, mo\u017ce w ka\u017cdej chwili skontaktowa\u0107 si\u0119 z ka\u017cdym pracownikiem administratora.<br><\/li><li>Prawo do informacji<br>Ka\u017cda osoba, kt\u00f3rej dotyczy przetwarzanie danych osobowych, ma prawo, przyznane przez Europejsk\u0105 Dyrektyw\u0119 i Rozporz\u0105dzenie, do uzyskania od administratora, w dowolnym czasie i bezp\u0142atnie, informacji o przechowywanych na jej temat danych osobowych oraz kopii tych informacji. Ponadto dyrektywa europejska i rozporz\u0105dzenie przyzna\u0142y osobie, kt\u00f3rej dane dotycz\u0105, dost\u0119p do nast\u0119puj\u0105cych informacji:<ul><li>cele przetwarzania<\/li><li>kategorie danych osobowych, kt\u00f3re s\u0105 przetwarzane<\/li><li>odbiorc\u00f3w lub kategorii odbiorc\u00f3w, kt\u00f3rym dane osobowe zosta\u0142y lub zostan\u0105 ujawnione, w szczeg\u00f3lno\u015bci w przypadku odbiorc\u00f3w w pa\u0144stwach trzecich lub organizacjach mi\u0119dzynarodowych<\/li><li>je\u015bli to mo\u017cliwe, planowany okres, przez jaki dane osobowe b\u0119d\u0105 przechowywane, a je\u015bli nie jest to mo\u017cliwe, kryteria ustalania tego okresu<\/li><li>istnieniu prawa do uzyskania sprostowania lub usuni\u0119cia danych osobowych ich dotycz\u0105cych lub uzyskania ograniczenia przetwarzania przez administratora lub prawa do wniesienia sprzeciwu wobec takiego przetwarzania<\/li><li>istnienie prawa do odwo\u0142ania si\u0119 do organu nadzorczego<\/li><li>je\u015bli dane osobowe nie zosta\u0142y zebrane od osoby, kt\u00f3rej dane dotycz\u0105: Wszystkie dost\u0119pne informacje na temat pochodzenia danych<\/li><li>istnienie zautomatyzowanego podejmowania decyzji, w tym profilowania, zgodnie z art. 22 ust. 1 i 4 GDPR oraz, przynajmniej w tych przypadkach, istotne informacje na temat zastosowanej logiki oraz zakresu i zamierzonych skutk\u00f3w takiego przetwarzania dla podmiotu danych<\/li><\/ul>Ponadto osoba, kt\u00f3rej dane dotycz\u0105, ma prawo do uzyskania informacji, czy dane osobowe zosta\u0142y przekazane do pa\u0144stwa trzeciego lub organizacji mi\u0119dzynarodowej. W takim przypadku osoba, kt\u00f3rej dane dotycz\u0105, ma r\u00f3wnie\u017c prawo do uzyskania informacji o odpowiednich zabezpieczeniach w zwi\u0105zku z przekazaniem.<br>Je\u015bli osoba, kt\u00f3rej dane dotycz\u0105, chce skorzysta\u0107 z tego prawa dost\u0119pu, mo\u017ce w ka\u017cdej chwili skontaktowa\u0107 si\u0119 z ka\u017cdym pracownikiem administratora.<br><\/li><li>Prawo do sprostowania<br>Ka\u017cda osoba, kt\u00f3rej dotyczy przetwarzanie danych osobowych, ma prawo przyznane przez dyrektyw\u0119 europejsk\u0105 i rozporz\u0105dzenie do niezw\u0142ocznego uzyskania sprostowania nie\u015bcis\u0142ych danych osobowych jej dotycz\u0105cych. Ponadto osoba, kt\u00f3rej dane dotycz\u0105 ma prawo \u017c\u0105da\u0107 uzupe\u0142nienia niekompletnych danych osobowych, w tym poprzez z\u0142o\u017cenie dodatkowego o\u015bwiadczenia, z uwzgl\u0119dnieniem cel\u00f3w przetwarzania.<br>Je\u017celi osoba, kt\u00f3rej dane dotycz\u0105, chce skorzysta\u0107 z tego prawa do sprostowania, mo\u017ce w ka\u017cdej chwili skontaktowa\u0107 si\u0119 z ka\u017cdym pracownikiem administratora.<\/li><li>Prawo do usuni\u0119cia danych (prawo do bycia zapomnianym)<br>Ka\u017cda osoba, kt\u00f3rej dotyczy przetwarzanie danych osobowych, ma prawo, przyznane przez dyrektyw\u0119 europejsk\u0105 i rozporz\u0105dzenie, do uzyskania od administratora niezw\u0142ocznego usuni\u0119cia dotycz\u0105cych jej danych osobowych, je\u017celi zachodzi jedna z nast\u0119puj\u0105cych podstaw i o ile przetwarzanie nie jest konieczne:<ul><li>Dane osobowe by\u0142y zbierane lub w inny spos\u00f3b przetwarzane do cel\u00f3w, do kt\u00f3rych nie s\u0105 ju\u017c potrzebne.<\/li><li>Osoba, kt\u00f3rej dane dotycz\u0105, odwo\u0142uje zgod\u0119, na kt\u00f3rej opiera\u0142o si\u0119 przetwarzanie zgodnie z art. 6 ust. 1 lit. a) GDPR lub art. 9 ust. 2 lit. a) GDPR i nie ma innej podstawy prawnej przetwarzania.<\/li><li>Osoba, kt\u00f3rej dane dotycz\u0105, sprzeciwia si\u0119 przetwarzaniu na podstawie art. 21 ust. 1 GDPR i nie ma nadrz\u0119dnych uzasadnionych podstaw do przetwarzania, lub osoba, kt\u00f3rej dane dotycz\u0105, sprzeciwia si\u0119 przetwarzaniu na podstawie art. 21 ust. 2 GDPR.<\/li><li>Dane osobowe zosta\u0142y przetworzone niezgodnie z prawem.<\/li><li>Usuni\u0119cie danych osobowych jest niezb\u0119dne do wype\u0142nienia obowi\u0105zku prawnego wynikaj\u0105cego z prawa Unii lub pa\u0144stwa cz\u0142onkowskiego, kt\u00f3remu podlega administrator.<\/li><li>Dane osobowe zosta\u0142y zebrane w zwi\u0105zku z oferowanymi us\u0142ugami spo\u0142ecze\u0144stwa informacyjnego zgodnie z art. 8 ust. 1 DS-GVO.<br><\/li><\/ul>Je\u017celi zachodzi jedna z wy\u017cej wymienionych przyczyn, a osoba, kt\u00f3rej dane dotycz\u0105, chce za\u017c\u0105da\u0107 usuni\u0119cia przechowywanych przez nas danych osobowych, mo\u017ce w ka\u017cdej chwili skontaktowa\u0107 si\u0119 z dowolnym pracownikiem administratora. Pracownik ten zorganizuje niezw\u0142oczne spe\u0142nienie \u017c\u0105dania usuni\u0119cia danych.<br>Je\u015bli dane osobowe zosta\u0142y przez nas upublicznione, a nasza firma jako administrator danych jest zobowi\u0105zana do usuni\u0119cia danych osobowych zgodnie z art. 17 (1) GDPR, podejmiemy rozs\u0105dne \u015brodki, w tym \u015brodki techniczne, bior\u0105c pod uwag\u0119 dost\u0119pn\u0105 technologi\u0119 i koszt wdro\u017cenia, aby poinformowa\u0107 innych administrator\u00f3w danych, kt\u00f3rzy przetwarzaj\u0105 opublikowane dane osobowe, \u017ce osoba, kt\u00f3rej dane dotycz\u0105, za\u017c\u0105da\u0142a od tych innych administrator\u00f3w danych usuni\u0119cia wszystkich link\u00f3w do danych osobowych lub kopii lub replikacji danych osobowych, chyba \u017ce przetwarzanie jest konieczne. W indywidualnych przypadkach zorganizujemy to, co konieczne.<br><\/li><li>Prawo do ograniczenia przetwarzania danych<br>Ka\u017cda osoba, kt\u00f3rej dotyczy przetwarzanie danych osobowych ma prawo, przyznane przez Dyrektyw\u0119 Europejsk\u0105 i Rozporz\u0105dzenie, do uzyskania od administratora ograniczenia przetwarzania, gdy spe\u0142niony jest jeden z nast\u0119puj\u0105cych warunk\u00f3w:<ul><li>Prawid\u0142owo\u015b\u0107 danych osobowych jest kwestionowana przez osob\u0119, kt\u00f3rej dane dotycz\u0105, przez okres umo\u017cliwiaj\u0105cy administratorowi sprawdzenie prawid\u0142owo\u015bci danych osobowych.<\/li><li>Przetwarzanie jest niezgodne z prawem, osoba, kt\u00f3rej dane dotycz\u0105, sprzeciwia si\u0119 usuni\u0119ciu danych osobowych i \u017c\u0105da w zamian ograniczenia ich wykorzystywania.<\/li><li>Administrator nie potrzebuje ju\u017c danych osobowych do cel\u00f3w przetwarzania, ale osoba, kt\u00f3rej dane dotycz\u0105, potrzebuje ich do ustalenia, wykonania lub obrony roszcze\u0144 prawnych.<\/li><li>Osoba, kt\u00f3rej dane dotycz\u0105, wnios\u0142a sprzeciw wobec przetwarzania na podstawie art. 21 ust. 1 GDPR i nie jest jeszcze jasne, czy uzasadnione podstawy administratora s\u0105 nadrz\u0119dne wobec podstaw prawnych osoby, kt\u00f3rej dane dotycz\u0105.<br><\/li><\/ul>Je\u015bli spe\u0142niony jest jeden z wy\u017cej wymienionych warunk\u00f3w, a osoba, kt\u00f3rej dane dotycz\u0105, chce za\u017c\u0105da\u0107 ograniczenia przechowywanych przez nas danych osobowych, mo\u017ce w ka\u017cdej chwili skontaktowa\u0107 si\u0119 z dowolnym pracownikiem administratora. Pracownik ten zorganizuje ograniczenie przetwarzania.<br><\/li><li>Prawo do przenoszenia danych<br>Ka\u017cda osoba, kt\u00f3rej dotyczy przetwarzanie danych osobowych, ma prawo, przyznane w dyrektywie europejskiej i rozporz\u0105dzeniu, do otrzymania dotycz\u0105cych jej danych osobowych, kt\u00f3re zosta\u0142y dostarczone administratorowi przez podmiot danych, w ustrukturyzowanym, powszechnie u\u017cywanym i nadaj\u0105cym si\u0119 do odczytu maszynowego formacie. Podmiot danych ma r\u00f3wnie\u017c prawo do przekazania takich danych innemu administratorowi bez przeszk\u00f3d ze strony administratora, kt\u00f3remu dostarczono dane osobowe, o ile przetwarzanie odbywa si\u0119 na podstawie zgody zgodnie z art. 6 ust. 1 lit. a) GDPR lub art. 9 ust. 2 lit. a) GDPR lub na podstawie umowy zgodnie z art. 6 ust. 1 lit. b) GDPR, a przetwarzanie odbywa si\u0119 w spos\u00f3b zautomatyzowany, chyba \u017ce przetwarzanie jest niezb\u0119dne do wykonania zadania realizowanego w interesie publicznym lub w ramach sprawowania w\u0142adzy publicznej powierzonej administratorowi.<br>Ponadto, korzystaj\u0105c z prawa do przenoszenia danych na podstawie art. 20 ust. 1 GDPR, osoba, kt\u00f3rej dane dotycz\u0105, ma prawo uzyska\u0107, aby dane osobowe zosta\u0142y przeniesione bezpo\u015brednio od jednego administratora do innego administratora, w zakresie, w jakim jest to technicznie wykonalne i pod warunkiem, \u017ce nie wp\u0142ynie to negatywnie na prawa i wolno\u015bci innych os\u00f3b.<br>Aby skorzysta\u0107 z prawa do przenoszenia danych, osoba, kt\u00f3rej dane dotycz\u0105, mo\u017ce w ka\u017cdej chwili skontaktowa\u0107 si\u0119 z nami.<br><\/li><li>Prawo do sprzeciwu<br>Ka\u017cdej osobie, kt\u00f3rej dotyczy przetwarzanie danych osobowych, przys\u0142uguje przyznane dyrektyw\u0105 i rozporz\u0105dzeniem europejskim prawo do wniesienia w dowolnym momencie sprzeciwu, z przyczyn zwi\u0105zanych z jej szczeg\u00f3ln\u0105 sytuacj\u0105, wobec przetwarzania dotycz\u0105cych jej danych osobowych, kt\u00f3re odbywa si\u0119 na podstawie art. 6 ust. 1 lit. e) lub f) GDPR. Dotyczy to r\u00f3wnie\u017c profilowania opartego na tych przepisach.<br>W przypadku wniesienia sprzeciwu nie b\u0119dziemy ju\u017c przetwarza\u0107 danych osobowych, chyba \u017ce wyka\u017cemy wa\u017cne prawnie uzasadnione podstawy do przetwarzania, kt\u00f3re s\u0105 nadrz\u0119dne wobec interes\u00f3w, praw i wolno\u015bci osoby, kt\u00f3rej dane dotycz\u0105, lub do dochodzenia, wykonywania lub obrony roszcze\u0144 prawnych.<br>Je\u017celi przetwarzamy dane osobowe do cel\u00f3w marketingu bezpo\u015bredniego, osoba, kt\u00f3rej dane dotycz\u0105, ma prawo w dowolnym momencie wnie\u015b\u0107 sprzeciw wobec przetwarzania danych osobowych na potrzeby takiego marketingu. Dotyczy to r\u00f3wnie\u017c profilowania, o ile jest ono zwi\u0105zane z takim marketingiem bezpo\u015brednim. Je\u017celi osoba, kt\u00f3rej dane dotycz\u0105, zg\u0142osi nam sprzeciw wobec przetwarzania na potrzeby marketingu bezpo\u015bredniego, nie b\u0119dziemy ju\u017c przetwarza\u0107 danych osobowych w tych celach.<br>Ponadto osoba, kt\u00f3rej dane dotycz\u0105, ma prawo, z przyczyn zwi\u0105zanych z jej szczeg\u00f3ln\u0105 sytuacj\u0105, wnie\u015b\u0107 sprzeciw wobec przetwarzania dotycz\u0105cych jej danych osobowych, kt\u00f3re jest przez nas prowadzone do cel\u00f3w bada\u0144 naukowych lub historycznych, lub do cel\u00f3w statystycznych zgodnie z art. 89 ust. 1 rozporz\u0105dzenia o ochronie danych, chyba \u017ce takie przetwarzanie jest niezb\u0119dne do wykonania zadania realizowanego w interesie publicznym.<br>Aby skorzysta\u0107 z prawa do sprzeciwu, podmiot danych mo\u017ce skontaktowa\u0107 si\u0119 bezpo\u015brednio z nami. Podmiot danych mo\u017ce r\u00f3wnie\u017c skorzysta\u0107 z prawa do sprzeciwu za pomoc\u0105 zautomatyzowanych procedur wykorzystuj\u0105cych specyfikacje techniczne w kontek\u015bcie korzystania z us\u0142ug spo\u0142ecze\u0144stwa informacyjnego, niezale\u017cnie od dyrektywy 2002\/58\/WE.<br><\/li><li>Zautomatyzowane decyzje w indywidualnych przypadkach, w tym profilowanie<br>Ka\u017cda osoba, kt\u00f3rej dotyczy przetwarzanie danych osobowych, ma prawo, przyznane przez dyrektyw\u0119 europejsk\u0105 i rozporz\u0105dzenie, nie podlega\u0107 decyzji opartej wy\u0142\u0105cznie na zautomatyzowanym przetwarzaniu, w tym profilowaniu, kt\u00f3ra wywo\u0142uje skutki prawne dotycz\u0105ce tej osoby lub w podobny spos\u00f3b istotnie na ni\u0105 wp\u0142ywa, pod warunkiem, \u017ce decyzja (1) nie jest konieczna do zawarcia lub wykonania umowy mi\u0119dzy podmiotem danych a administratorem, lub (2) jest dozwolona przez prawo Unii lub pa\u0144stwa cz\u0142onkowskiego, kt\u00f3remu podlega administrator, a prawo to ustanawia odpowiednie \u015brodki w celu zabezpieczenia praw i wolno\u015bci podmiotu danych oraz jego prawnie uzasadnionych interes\u00f3w, lub (3) zosta\u0142a podj\u0119ta za wyra\u017an\u0105 zgod\u0105 podmiotu danych.<br>Je\u017celi decyzja (1) jest konieczna do zawarcia lub wykonania umowy mi\u0119dzy osob\u0105, kt\u00f3rej dane dotycz\u0105, a administratorem danych lub (2) jest podejmowana za wyra\u017an\u0105 zgod\u0105 osoby, kt\u00f3rej dane dotycz\u0105, wdra\u017camy odpowiednie \u015brodki w celu zabezpieczenia praw i wolno\u015bci oraz uzasadnionych interes\u00f3w osoby, kt\u00f3rej dane dotycz\u0105, kt\u00f3re obejmuj\u0105 co najmniej prawo do uzyskania udzia\u0142u osoby, kt\u00f3rej dane dotycz\u0105, ze strony administratora, do wyra\u017cenia swojego punktu widzenia i do zakwestionowania decyzji.<br>Je\u017celi osoba, kt\u00f3rej dane dotycz\u0105, chce skorzysta\u0107 z praw dotycz\u0105cych zautomatyzowanych decyzji, mo\u017ce w ka\u017cdej chwili skontaktowa\u0107 si\u0119 z ka\u017cdym pracownikiem administratora.<br><\/li><li>Prawo do cofni\u0119cia zgody na podstawie przepis\u00f3w o ochronie danych osobowych<br>Ka\u017cda osoba, kt\u00f3rej dotyczy przetwarzanie danych osobowych ma prawo przyznane przez Dyrektyw\u0119 Europejsk\u0105 i Rozporz\u0105dzenie do wycofania zgody na przetwarzanie danych osobowych w dowolnym momencie.<br>Je\u017celi osoba, kt\u00f3rej dane dotycz\u0105, chce skorzysta\u0107 z prawa do wycofania zgody, mo\u017ce w ka\u017cdej chwili skontaktowa\u0107 si\u0119 z ka\u017cdym pracownikiem administratora.<br><\/li><\/ul>\n\n\n\n<h3 class=\"wp-block-heading\">Podstawa prawna przetwarzania danych<\/h3>\n\n\n\n<p>Artyku\u0142 6 I lit. a DS-GVO s\u0142u\u017cy naszej firmie jako podstawa prawna do operacji przetwarzania, w kt\u00f3rych uzyskujemy zgod\u0119 na okre\u015blony cel przetwarzania. Je\u015bli przetwarzanie danych osobowych jest konieczne do wykonania umowy, kt\u00f3rej stron\u0105 jest osoba, kt\u00f3rej dane dotycz\u0105, jak ma to miejsce np. w przypadku operacji przetwarzania, kt\u00f3re s\u0105 niezb\u0119dne do dostawy towar\u00f3w lub \u015bwiadczenia innej us\u0142ugi lub \u015bwiadczenia, przetwarzanie opiera si\u0119 na art. 6 I lit. b GDPR. To samo dotyczy operacji przetwarzania, kt\u00f3re s\u0105 niezb\u0119dne do realizacji dzia\u0142a\u0144 przedumownych, na przyk\u0142ad w przypadku zapyta\u0144 o nasze produkty lub us\u0142ugi. Je\u015bli nasza firma podlega obowi\u0105zkowi prawnemu, przez kt\u00f3ry przetwarzanie danych osobowych staje si\u0119 konieczne, np. w celu wype\u0142nienia zobowi\u0105za\u0144 podatkowych, przetwarzanie odbywa si\u0119 na podstawie art. 6 I lit. c DS-GVO. W rzadkich przypadkach przetwarzanie danych osobowych mo\u017ce sta\u0107 si\u0119 konieczne w celu ochrony \u017cywotnych interes\u00f3w podmiotu danych lub innej osoby fizycznej. Mia\u0142oby to miejsce np. w przypadku, gdyby go\u015b\u0107 uleg\u0142 wypadkowi na naszym terenie i w zwi\u0105zku z tym jego nazwisko, wiek, dane dotycz\u0105ce ubezpieczenia zdrowotnego lub inne wa\u017cne informacje musia\u0142yby zosta\u0107 przekazane lekarzowi, szpitalowi lub innej osobie trzeciej. W\u00f3wczas przetwarzanie danych odbywa\u0142oby si\u0119 na podstawie art. 6 I lit. d DS-GVO. Wreszcie, operacje przetwarzania mog\u0142yby by\u0107 oparte na art. 6 I lit. f DS-GVO. Operacje przetwarzania, kt\u00f3re nie s\u0105 obj\u0119te \u017cadn\u0105 z wy\u017cej wymienionych podstaw prawnych, opieraj\u0105 si\u0119 na tej podstawie prawnej, je\u015bli przetwarzanie jest niezb\u0119dne do ochrony uzasadnionego interesu naszej firmy lub osoby trzeciej, pod warunkiem, \u017ce interesy, podstawowe prawa i wolno\u015bci osoby, kt\u00f3rej dane dotycz\u0105, nie s\u0105 nadrz\u0119dne. Takie operacje przetwarzania s\u0105 dla nas dozwolone w szczeg\u00f3lno\u015bci dlatego, \u017ce zosta\u0142y one wyra\u017anie wymienione przez ustawodawc\u0119 europejskiego. W tym zakresie stan\u0105\u0142 on na stanowisku, \u017ce uzasadniony interes mo\u017cna za\u0142o\u017cy\u0107, je\u015bli osoba, kt\u00f3rej dane dotycz\u0105, jest klientem administratora danych (motyw 47 zdanie 2 GDPR).<\/p>\n\n\n\n<h3 class=\"wp-block-heading\">Uzasadnione interesy przetwarzania realizowane przez administratora lub stron\u0119 trzeci\u0105<\/h3>\n\n\n\n<p>Je\u015bli przetwarzanie danych osobowych odbywa si\u0119 na podstawie art. 6 I lit. f DS-GVO, naszym uzasadnionym interesem jest prowadzenie dzia\u0142alno\u015bci gospodarczej dla dobra wszystkich naszych pracownik\u00f3w i naszych udzia\u0142owc\u00f3w.<\/p>\n\n\n\n<h3 class=\"wp-block-heading\">Okres przechowywania danych osobowych<\/h3>\n\n\n\n<p>Kryterium d\u0142ugo\u015bci przechowywania danych osobowych jest odpowiedni ustawowy okres przechowywania. Po up\u0142ywie tego okresu odpowiednie dane s\u0105 rutynowo usuwane, je\u015bli nie s\u0105 ju\u017c potrzebne do realizacji lub rozpocz\u0119cia umowy.<\/p>\n\n\n\n<h3 class=\"wp-block-heading\">Wymogi prawne lub umowne dotycz\u0105ce podania danych osobowych; konieczno\u015b\u0107 zawarcia umowy; obowi\u0105zek osoby, kt\u00f3rej dane dotycz\u0105, do podania danych osobowych; mo\u017cliwe konsekwencje niepodania danych<\/h3>\n\n\n\n<p>Informujemy, \u017ce podanie danych osobowych jest czasami wymagane przez prawo (np. przepisy podatkowe) lub mo\u017ce r\u00f3wnie\u017c wynika\u0107 z przepis\u00f3w umownych (np. informacje o partnerze umowy). Niekiedy, w celu zawarcia umowy, konieczne mo\u017ce by\u0107 przekazanie nam przez osob\u0119, kt\u00f3rej dane dotycz\u0105, danych osobowych, kt\u00f3re musz\u0105 by\u0107 nast\u0119pnie przez nas przetwarzane. Na przyk\u0142ad osoba, kt\u00f3rej dane dotycz\u0105, jest zobowi\u0105zana do przekazania nam danych osobowych, je\u015bli nasza firma zawrze z ni\u0105 umow\u0119. Nieprzekazanie danych osobowych oznacza\u0142oby, \u017ce umowa z osob\u0105, kt\u00f3rej dane dotycz\u0105, nie mog\u0142aby zosta\u0107 zawarta. Przed przekazaniem danych osobowych przez osob\u0119, kt\u00f3rej dane dotycz\u0105, osoba ta musi skontaktowa\u0107 si\u0119 z jednym z naszych pracownik\u00f3w. Nasz pracownik ka\u017cdorazowo poinformuje osob\u0119, kt\u00f3rej dane dotycz\u0105, czy podanie danych osobowych jest wymagane przez prawo lub umow\u0119 lub jest niezb\u0119dne do zawarcia umowy, czy istnieje obowi\u0105zek podania danych osobowych i jakie by\u0142yby konsekwencje niepodania danych osobowych.<\/p>\n\n\n\n<h3 class=\"wp-block-heading\">Istnienie zautomatyzowanego podejmowania decyzji<\/h3>\n\n\n\n<p>Z regu\u0142y nie dochodzi do zautomatyzowanego podejmowania decyzji (profilowania), chyba \u017ce jest to wyra\u017anie zaznaczone w informacji o ochronie danych dla danego przetwarzania.<\/p>\n\n\n\n<h3 class=\"wp-block-heading\">Prawo do odwo\u0142ania si\u0119 do organu nadzorczego<\/h3>\n\n\n\n<p>Zgodnie z art. 77 DSGVO masz prawo z\u0142o\u017cy\u0107 skarg\u0119 do organu nadzorczego, je\u015bli uwa\u017casz, \u017ce przetwarzanie Twoich danych osobowych nie jest zgodne z prawem.<\/p>\n\n\n\n<p><em>ostatnia aktualizacja: 25.04.2018 r.<\/em><\/p>","protected":false},"excerpt":{"rendered":"<p>Eine Nutzung unserer Internetseite ist grunds\u00e4tzlich ohne jede Angabe personenbezogener Daten m\u00f6glich. Sofern eine betroffene Person besondere Services unserer Internetseite in Anspruch nehmen m\u00f6chte, k\u00f6nnte jedoch eine Verarbeitung personenbezogener Daten &hellip; <\/p>","protected":false},"author":46,"featured_media":0,"parent":0,"menu_order":0,"comment_status":"closed","ping_status":"closed","template":"","meta":{"footnotes":""},"class_list":["post-5464","page","type-page","status-publish","hentry"],"_links":{"self":[{"href":"https:\/\/www.schulzentrum-stetten-akm.de\/pl\/wp-json\/wp\/v2\/pages\/5464","targetHints":{"allow":["GET"]}}],"collection":[{"href":"https:\/\/www.schulzentrum-stetten-akm.de\/pl\/wp-json\/wp\/v2\/pages"}],"about":[{"href":"https:\/\/www.schulzentrum-stetten-akm.de\/pl\/wp-json\/wp\/v2\/types\/page"}],"author":[{"embeddable":true,"href":"https:\/\/www.schulzentrum-stetten-akm.de\/pl\/wp-json\/wp\/v2\/users\/46"}],"replies":[{"embeddable":true,"href":"https:\/\/www.schulzentrum-stetten-akm.de\/pl\/wp-json\/wp\/v2\/comments?post=5464"}],"version-history":[{"count":1,"href":"https:\/\/www.schulzentrum-stetten-akm.de\/pl\/wp-json\/wp\/v2\/pages\/5464\/revisions"}],"predecessor-version":[{"id":5465,"href":"https:\/\/www.schulzentrum-stetten-akm.de\/pl\/wp-json\/wp\/v2\/pages\/5464\/revisions\/5465"}],"wp:attachment":[{"href":"https:\/\/www.schulzentrum-stetten-akm.de\/pl\/wp-json\/wp\/v2\/media?parent=5464"}],"curies":[{"name":"wp","href":"https:\/\/api.w.org\/{rel}","templated":true}]}}