{"id":4299,"date":"2020-11-04T12:24:10","date_gmt":"2020-11-04T11:24:10","guid":{"rendered":"https:\/\/www.schulzentrum-stetten-akm.de\/?page_id=4299"},"modified":"2023-06-23T11:02:22","modified_gmt":"2023-06-23T09:02:22","slug":"snoopy-team","status":"publish","type":"page","link":"https:\/\/www.schulzentrum-stetten-akm.de\/pl\/snoopy-team\/","title":{"rendered":"Zesp\u00f3\u0142 Snoopy"},"content":{"rendered":"<p class=\"has-large-font-size\">Rok szkolny 2022\/23<\/p>\n\n\n\n<p>Zesp\u00f3\u0142 Snoopy przedstawia si\u0119...<\/p>\n\n\n\n<p>Viola Wolf, Johanna Bertsch, Jule Grathwohl, Eric Hirschberg<\/p>\n\n\n\n<figure class=\"wp-block-image size-large\"><img loading=\"lazy\" decoding=\"async\" width=\"1024\" height=\"576\" src=\"https:\/\/www.schulzentrum-stetten-akm.de\/wp-content\/uploads\/2023\/06\/Bild-Schueler-1024x576.jpg\" alt=\"\" class=\"wp-image-6096\" srcset=\"https:\/\/www.schulzentrum-stetten-akm.de\/wp-content\/uploads\/2023\/06\/Bild-Schueler-1024x576.jpg 1024w, https:\/\/www.schulzentrum-stetten-akm.de\/wp-content\/uploads\/2023\/06\/Bild-Schueler-300x169.jpg 300w, https:\/\/www.schulzentrum-stetten-akm.de\/wp-content\/uploads\/2023\/06\/Bild-Schueler-768x432.jpg 768w, https:\/\/www.schulzentrum-stetten-akm.de\/wp-content\/uploads\/2023\/06\/Bild-Schueler-18x10.jpg 18w, https:\/\/www.schulzentrum-stetten-akm.de\/wp-content\/uploads\/2023\/06\/Bild-Schueler.jpg 1386w\" sizes=\"auto, (max-width: 1024px) 100vw, 1024px\" \/><figcaption class=\"wp-element-caption\">Viola Wolf, Johanna Bertsch, Jule Grathwohl, Eric Hirschberg<\/figcaption><\/figure>\n\n\n\n<h2 class=\"wp-block-heading\">Czym jest Snoopy?<\/h2>\n\n\n\n<h2 class=\"has-text-align-left wp-block-heading\"> <\/h2>\n\n\n\n<figure class=\"wp-block-image size-full\"><img loading=\"lazy\" decoding=\"async\" width=\"270\" height=\"371\" src=\"https:\/\/www.schulzentrum-stetten-akm.de\/wp-content\/uploads\/2023\/06\/Snoopy.png\" alt=\"\" class=\"wp-image-6106\" srcset=\"https:\/\/www.schulzentrum-stetten-akm.de\/wp-content\/uploads\/2023\/06\/Snoopy.png 270w, https:\/\/www.schulzentrum-stetten-akm.de\/wp-content\/uploads\/2023\/06\/Snoopy-218x300.png 218w, https:\/\/www.schulzentrum-stetten-akm.de\/wp-content\/uploads\/2023\/06\/Snoopy-9x12.png 9w\" sizes=\"auto, (max-width: 270px) 100vw, 270px\" \/><\/figure>\n\n\n\n<p>...to us\u0142uga oferowana przez kapelan\u00f3w szkolnych w zakresie opieki emocjonalnej nad uczniami szk\u00f3\u0142 podstawowych i partnerami w nauce.<br><\/p>\n\n\n\n<p><strong>Kim jest Snoopy?<\/strong><\/p>\n\n\n\n<p>...zapewnia wsparcie i pomoc w zakresie<br>&nbsp;&nbsp;&nbsp;&nbsp;&nbsp;&nbsp;&nbsp;&nbsp;&nbsp;&nbsp;&nbsp;&nbsp;&nbsp;&nbsp;&nbsp;&nbsp;&nbsp;&nbsp;&nbsp;&nbsp;&nbsp;&nbsp;&nbsp;&nbsp;&nbsp;&nbsp;&nbsp;&nbsp; straty,<br>&nbsp;&nbsp;&nbsp;&nbsp;&nbsp;&nbsp;&nbsp;&nbsp;&nbsp;&nbsp;&nbsp;&nbsp;&nbsp;&nbsp;&nbsp;&nbsp;&nbsp;&nbsp;&nbsp;&nbsp;&nbsp;&nbsp;&nbsp;&nbsp;&nbsp;&nbsp;&nbsp;&nbsp; Sytuacje po\u017cegnalne i \u017ca\u0142obne<br>&nbsp;&nbsp; poprzez wsparcie dialogu<\/p>\n\n\n\n<p>Zesp\u00f3\u0142 sk\u0142adaj\u0105cy si\u0119 ze szkolnego pracownika socjalnego, szkolnego duszpasterza, moderatora nauki i certyfikowanych partner\u00f3w edukacyjnych.<\/p>\n\n\n\n<p><em>&nbsp;&nbsp;&nbsp;&nbsp; <u>bie\u017c\u0105cy<\/u><\/em>Pan Buck, pani Straub, pani Ziegler<br>&nbsp;&nbsp;&nbsp;&nbsp;<br>&nbsp;&nbsp;&nbsp;&nbsp;&nbsp;&nbsp;&nbsp;&nbsp;&nbsp;&nbsp;&nbsp;&nbsp;&nbsp;&nbsp;&nbsp;&nbsp;&nbsp;&nbsp;&nbsp;&nbsp;&nbsp;&nbsp; Erik Hirschberg, Johanna Bertsch, Viola Wolf i Jule Grathwohl (grupa szkoleniowa 9)<br><\/p>\n\n\n\n<h2 class=\"wp-block-heading\">Czym jest opieka duszpasterska w szko\u0142ach?<\/h2>\n\n\n\n<p>S\u0142u\u017cba ludziom<\/p>\n\n\n\n<p>Opieka duszpasterska w szko\u0142ach jest ofert\u0105 ko\u015bcieln\u0105 dla orientacji religijnej i dla ludzkiej wsp\u00f3lnoty w przestrzeni \u017cyciowej szko\u0142y.<\/p>\n\n\n\n<p>Jest zorientowany na specyfik\u0119 i potrzeby szko\u0142y.<\/p>\n\n\n\n<p>Rozwin\u0119\u0142o si\u0119 to w Snoopyteam (2018), Room of Silence (2022) i obecnie Compassion Project (2022).<\/p>\n\n\n\n<p>Opieka duszpasterska w szko\u0142ach chce by\u0107 miejscem, w kt\u00f3rym mo\u017cna znale\u017a\u0107 \"\u017ar\u00f3d\u0142a si\u0142y\" w osobistej podr\u00f3\u017cy przez \u017cycie.<\/p>\n\n\n\n<p>Otwarte dla wszystkich<\/p>\n\n\n\n<p>Opiek\u0119 duszpastersk\u0105 w szko\u0142ach nale\u017cy rozumie\u0107 jako zaproszenie, niezale\u017cnie od przynale\u017cno\u015bci religijnej. Jest to oferta skierowana do wszystkich os\u00f3b zaanga\u017cowanych w \u017cycie szko\u0142y, niezale\u017cnie od lekcji.<\/p>\n\n\n\n<p>Poufne i bezp\u0142atne<\/p>\n\n\n\n<p>Opieka duszpasterska w szko\u0142ach ma na celu towarzyszenie ludziom w ich osobistych pytaniach, obawach i potrzebach - na zasadzie poufno\u015bci i bezp\u0142atno\u015bci.<\/p>\n\n\n\n<p><strong>O mnie<\/strong><\/p>\n\n\n\n<figure class=\"wp-block-image size-full\"><img loading=\"lazy\" decoding=\"async\" width=\"523\" height=\"731\" src=\"https:\/\/www.schulzentrum-stetten-akm.de\/wp-content\/uploads\/2023\/06\/Bild-Straub.jpg\" alt=\"\" class=\"wp-image-6111\" srcset=\"https:\/\/www.schulzentrum-stetten-akm.de\/wp-content\/uploads\/2023\/06\/Bild-Straub.jpg 523w, https:\/\/www.schulzentrum-stetten-akm.de\/wp-content\/uploads\/2023\/06\/Bild-Straub-215x300.jpg 215w, https:\/\/www.schulzentrum-stetten-akm.de\/wp-content\/uploads\/2023\/06\/Bild-Straub-9x12.jpg 9w\" sizes=\"auto, (max-width: 523px) 100vw, 523px\" \/><\/figure>\n\n\n\n<p>Od 2014 roku jestem nauczycielem religii katolickiej w o\u015brodku szkolnym Stetten am kalten Markt.<\/p>\n\n\n\n<p>Latem 2018 roku, po pomy\u015blnym uko\u0144czeniu dwuletniego szkolenia, zosta\u0142em oficjalnie mianowany przez Ko\u015bci\u00f3\u0142 katolicki kapelanem szkolnym. Ko\u015bci\u00f3\u0142 katolicki ponosi r\u00f3wnie\u017c koszty mojej pracy duszpasterskiej w o\u015brodku szkolnym.<\/p>\n\n\n\n<p><strong>Oferty kapelan\u00f3w szkolnych<\/strong><\/p>\n\n\n\n<p><em>Doradztwo i towarzyszenie...<\/em><\/p>\n\n\n\n<p><em>- z problemami osobistymi i szkolnymi<\/em><\/p>\n\n\n\n<p><em>- w \u017cyciu osobistym i sytuacjach kryzysowych<\/em><\/p>\n\n\n\n<p><em>Bycie rozm\u00f3wc\u0105...<\/em><\/p>\n\n\n\n<ul class=\"wp-block-list\">\n<li>Kiedy poruszane s\u0105 kwestie znaczenia, Boga<\/li>\n<\/ul>\n\n\n\n<p><em>Praca w \u017ca\u0142obie i interwencja kryzysowa...<\/em><\/p>\n\n\n\n<ul class=\"wp-block-list\">\n<li>Projekt \"Plecak \u017ba\u0142oby\" - Snoopyteam<\/li>\n\n\n\n<li>Pok\u00f3j ciszy<\/li>\n<\/ul>\n\n\n\n<p><em>Wsp\u00f3\u0142czucie<\/em><\/p>\n\n\n\n<ul class=\"wp-block-list\">\n<li>Wprowadzenie i wsparcie<\/li>\n<\/ul>\n\n\n\n<p><em>Pomoc w organizacji nabo\u017ce\u0144stw<\/em><\/p>\n\n\n\n<p><strong>Kontakt<\/strong><\/p>\n\n\n\n<p>Martina Straub - kapelan szkolny<\/p>\n\n\n\n<p><a href=\"mailto:straub@schulzentrum-stetten-akm.de\">straub@schulzentrum-stetten-akm.de<\/a><\/p>\n\n\n\n<p>Sekretariat szko\u0142y: 07573 95190 (pani Keller, pani Hotz)<\/p>","protected":false},"excerpt":{"rendered":"<p>Schuljahr 2022\/23 Das Snoopy-Team stellt sich vor&#8230; Viola Wolf, Johanna Bertsch, Jule Grathwohl, Eric Hirschberg Was ist Snoopy? \u2026ist ein Angebot der Schulseelsorge zur emotionalen Betreuung von Grundsch\u00fclern und Lernpartner*innen &hellip; <\/p>","protected":false},"author":1,"featured_media":0,"parent":0,"menu_order":0,"comment_status":"closed","ping_status":"closed","template":"","meta":{"footnotes":""},"class_list":["post-4299","page","type-page","status-publish","hentry"],"_links":{"self":[{"href":"https:\/\/www.schulzentrum-stetten-akm.de\/pl\/wp-json\/wp\/v2\/pages\/4299","targetHints":{"allow":["GET"]}}],"collection":[{"href":"https:\/\/www.schulzentrum-stetten-akm.de\/pl\/wp-json\/wp\/v2\/pages"}],"about":[{"href":"https:\/\/www.schulzentrum-stetten-akm.de\/pl\/wp-json\/wp\/v2\/types\/page"}],"author":[{"embeddable":true,"href":"https:\/\/www.schulzentrum-stetten-akm.de\/pl\/wp-json\/wp\/v2\/users\/1"}],"replies":[{"embeddable":true,"href":"https:\/\/www.schulzentrum-stetten-akm.de\/pl\/wp-json\/wp\/v2\/comments?post=4299"}],"version-history":[{"count":11,"href":"https:\/\/www.schulzentrum-stetten-akm.de\/pl\/wp-json\/wp\/v2\/pages\/4299\/revisions"}],"predecessor-version":[{"id":6113,"href":"https:\/\/www.schulzentrum-stetten-akm.de\/pl\/wp-json\/wp\/v2\/pages\/4299\/revisions\/6113"}],"wp:attachment":[{"href":"https:\/\/www.schulzentrum-stetten-akm.de\/pl\/wp-json\/wp\/v2\/media?parent=4299"}],"curies":[{"name":"wp","href":"https:\/\/api.w.org\/{rel}","templated":true}]}}