{"id":2452,"date":"2020-04-29T13:19:51","date_gmt":"2020-04-29T11:19:51","guid":{"rendered":"https:\/\/www.schulzentrum-stetten-akm.de\/?page_id=2452"},"modified":"2020-06-24T14:18:39","modified_gmt":"2020-06-24T12:18:39","slug":"vorlesestunden","status":"publish","type":"page","link":"https:\/\/www.schulzentrum-stetten-akm.de\/pl\/vorlesestunden\/","title":{"rendered":"Vorlesestunden"},"content":{"rendered":"<div class=\"wp-block-button aligncenter\"><a class=\"wp-block-button__link\" href=\"https:\/\/www.schulzentrum-stetten-akm.de\/wp-content\/uploads\/2020\/04\/ZOGG_Vorlesegeschichte.mp4\">ZOGG 1<\/a><\/div>\n\n\n\n<div class=\"wp-block-button aligncenter\"><a class=\"wp-block-button__link\" href=\"https:\/\/www.schulzentrum-stetten-akm.de\/wp-content\/uploads\/2020\/04\/Wei\u00dft-du-eigentlich-wie-lieb-ich-dich-hab...-Vorlesegeschichte.mp4\">Der kleine Hase<\/a><\/div>\n\n\n\n<div class=\"wp-block-button aligncenter\"><a class=\"wp-block-button__link\" href=\"https:\/\/www.schulzentrum-stetten-akm.de\/wp-content\/uploads\/2020\/04\/ZOGG-2_Vorlesegeschichte.mp4\">ZOGG 2<\/a><\/div>\n\n\n\n<div class=\"wp-block-button aligncenter\"><a class=\"wp-block-button__link\" href=\"https:\/\/www.schulzentrum-stetten-akm.de\/wp-content\/uploads\/2020\/04\/Vorlesegeschichte-Oskar-B\u00e4r-will-fliegen.mp4\">Oskar B\u00e4r 1<\/a><\/div>\n\n\n\n<div class=\"wp-block-button aligncenter\"><a class=\"wp-block-button__link\" href=\"https:\/\/www.schulzentrum-stetten-akm.de\/wp-content\/uploads\/2020\/05\/Der-kleine-Elefant.mp4\">Der kleine Elefant<\/a><\/div>\n\n\n\n<div class=\"wp-block-button aligncenter\"><a class=\"wp-block-button__link\" href=\"https:\/\/www.schulzentrum-stetten-akm.de\/wp-content\/uploads\/2020\/05\/Eisb\u00e4ren-Mit-dir-zusammen-bin-ich-gro\u00df.mp4\">Der kleine Eisb\u00e4r<\/a><\/div>\n\n\n\n<div class=\"wp-block-button aligncenter\"><a class=\"wp-block-button__link\" href=\"https:\/\/www.schulzentrum-stetten-akm.de\/wp-content\/uploads\/2020\/05\/Oskar-B\u00e4r-Eine-gro\u00dfe-\u00dcberraschung.mp4\">Oskar B\u00e4r 2<\/a><\/div>\n\n\n\n<div class=\"wp-block-button aligncenter\"><a class=\"wp-block-button__link\" href=\"https:\/\/www.schulzentrum-stetten-akm.de\/wp-content\/uploads\/2020\/05\/Pippi-Langstrumpf.mp4\">Pippi Langstrumpf<\/a><\/div>\n\n\n\n<div class=\"wp-block-button aligncenter\"><a class=\"wp-block-button__link\" href=\"https:\/\/www.schulzentrum-stetten-akm.de\/wp-content\/uploads\/2020\/05\/Nick-und-der-Wal.mp4\">Nick und der Wal<\/a><\/div>\n\n\n\n<div class=\"wp-block-button aligncenter\"><a class=\"wp-block-button__link\" href=\"https:\/\/www.schulzentrum-stetten-akm.de\/wp-content\/uploads\/2020\/05\/Schnip_.mp4\">Schnip<\/a><\/div>\n\n\n\n<div class=\"wp-block-button aligncenter\"><a class=\"wp-block-button__link\" href=\"https:\/\/www.schulzentrum-stetten-akm.de\/wp-content\/uploads\/2020\/05\/Das-Gr\u00fcffelokind.mp4\">Das Gr\u00fcffelokind<\/a><\/div>\n\n\n\n<div class=\"wp-block-button aligncenter\"><a class=\"wp-block-button__link\" href=\"https:\/\/www.schulzentrum-stetten-akm.de\/wp-content\/uploads\/2020\/05\/Die-Hexe-und-die-sieben-Fexe_Vorlesegeschichte.mp4\">Die Hexe <\/a><\/div>\n\n\n\n<div class=\"wp-block-button aligncenter\"><a class=\"wp-block-button__link\" href=\"https:\/\/www.schulzentrum-stetten-akm.de\/wp-content\/uploads\/2020\/05\/Oskar-B\u00e4r-Die-Geburtstagsfeier.mp4\">Oskar B\u00e4r 3<\/a><\/div>\n\n\n\n<div class=\"wp-block-button aligncenter\"><a class=\"wp-block-button__link\" href=\"https:\/\/www.schulzentrum-stetten-akm.de\/wp-content\/uploads\/2020\/05\/Der-kleine-Fuchs-h\u00f6rt-einen-Mucks.mp4\">Der kleine Fuchs<\/a><\/div>\n\n\n\n<div class=\"wp-block-button aligncenter\"><a class=\"wp-block-button__link\" href=\"https:\/\/www.schulzentrum-stetten-akm.de\/wp-content\/uploads\/2020\/05\/Ein-Engel-f\u00fcr-mich-ohne-Abspann-Teil.mp4\">Ein Engel f\u00fcr mich<\/a><\/div>\n\n\n\n<div class=\"wp-block-button aligncenter\"><a class=\"wp-block-button__link\" href=\"https:\/\/www.schulzentrum-stetten-akm.de\/wp-content\/uploads\/2020\/05\/Oskar-B\u00e4r-Ferien-am-Meer.mp4\">Oskar B\u00e4r 4<\/a><\/div>\n\n\n\n<div class=\"wp-block-button aligncenter\"><a class=\"wp-block-button__link has-text-color has-very-dark-gray-color has-background has-luminous-vivid-amber-background-color\" href=\"https:\/\/www.schulzentrum-stetten-akm.de\/wp-content\/uploads\/2020\/06\/Der-Biber-und-der-Hummer.mp4\">Der Biber und der Hummer<\/a><\/div>\n\n\n\n<div class=\"wp-block-button aligncenter\"><a class=\"wp-block-button__link has-text-color has-very-dark-gray-color has-background has-luminous-vivid-amber-background-color\" href=\"https:\/\/www.schulzentrum-stetten-akm.de\/wp-content\/uploads\/2020\/06\/Die-liebste-Mama-der-Welt.mp4\">Die liebste Mama der Welt<\/a><\/div>\n\n\n\n<div class=\"wp-block-button aligncenter\"><a class=\"wp-block-button__link has-text-color has-very-dark-gray-color has-background has-luminous-vivid-amber-background-color\" href=\"https:\/\/www.schulzentrum-stetten-akm.de\/wp-content\/uploads\/2020\/06\/R\u00e4uber-Ratte.mp4\">R\u00e4uber Ratte<\/a><\/div>\n\n\n\n<div class=\"wp-block-button aligncenter\"><a class=\"wp-block-button__link has-text-color has-very-dark-gray-color has-background has-luminous-vivid-amber-background-color\" href=\"https:\/\/www.schulzentrum-stetten-akm.de\/wp-content\/uploads\/2020\/06\/Der-Ernst-des-Lebens.mp4\">Der Ernst des Lebens<\/a><\/div>\n\n\n\n<div class=\"wp-block-button aligncenter\"><a class=\"wp-block-button__link has-background has-vivid-cyan-blue-background-color\" href=\"https:\/\/www.schulzentrum-stetten-akm.de\/wp-content\/uploads\/2020\/05\/Traumreise.mp3\">Fantasiereise Schule<\/a><\/div>\n\n\n\n<div class=\"wp-block-button aligncenter\"><a class=\"wp-block-button__link has-background has-vivid-cyan-blue-background-color\" href=\"https:\/\/www.schulzentrum-stetten-akm.de\/wp-content\/uploads\/2020\/05\/Fensterbild-Traumreise.pdf\">Bastelangebot Fantasiereise<\/a><\/div>","protected":false},"excerpt":{"rendered":"","protected":false},"author":33,"featured_media":0,"parent":0,"menu_order":0,"comment_status":"closed","ping_status":"closed","template":"","meta":{"footnotes":""},"class_list":["post-2452","page","type-page","status-publish","hentry"],"_links":{"self":[{"href":"https:\/\/www.schulzentrum-stetten-akm.de\/pl\/wp-json\/wp\/v2\/pages\/2452","targetHints":{"allow":["GET"]}}],"collection":[{"href":"https:\/\/www.schulzentrum-stetten-akm.de\/pl\/wp-json\/wp\/v2\/pages"}],"about":[{"href":"https:\/\/www.schulzentrum-stetten-akm.de\/pl\/wp-json\/wp\/v2\/types\/page"}],"author":[{"embeddable":true,"href":"https:\/\/www.schulzentrum-stetten-akm.de\/pl\/wp-json\/wp\/v2\/users\/33"}],"replies":[{"embeddable":true,"href":"https:\/\/www.schulzentrum-stetten-akm.de\/pl\/wp-json\/wp\/v2\/comments?post=2452"}],"version-history":[{"count":30,"href":"https:\/\/www.schulzentrum-stetten-akm.de\/pl\/wp-json\/wp\/v2\/pages\/2452\/revisions"}],"predecessor-version":[{"id":3965,"href":"https:\/\/www.schulzentrum-stetten-akm.de\/pl\/wp-json\/wp\/v2\/pages\/2452\/revisions\/3965"}],"wp:attachment":[{"href":"https:\/\/www.schulzentrum-stetten-akm.de\/pl\/wp-json\/wp\/v2\/media?parent=2452"}],"curies":[{"name":"wp","href":"https:\/\/api.w.org\/{rel}","templated":true}]}}