{"id":370,"date":"2018-10-16T21:29:28","date_gmt":"2018-10-16T19:29:28","guid":{"rendered":"https:\/\/www.schulzentrum-stetten-akm.sig.schule-bw.de\/?page_id=370"},"modified":"2025-11-11T14:22:33","modified_gmt":"2025-11-11T13:22:33","slug":"escuela-comunitaria","status":"publish","type":"page","link":"https:\/\/www.schulzentrum-stetten-akm.de\/es\/nuestra-escuela\/escuela-comunitaria\/","title":{"rendered":"Escuela comunitaria"},"content":{"rendered":"<p>En&nbsp;<strong>Escuela comunitaria<\/strong>&nbsp;es una escuela orientada al logro que apoya a ni\u00f1os y j\u00f3venes con talentos diferentes. Todos los alumnos aprenden juntos.<\/p>\n\n\n\n<p><strong>Posibles t\u00edtulos de fin de estudios en la escuela comunitaria<\/strong><\/p>\n\n\n\n<p>En la escuela comunitaria se puede cursar el Hauptschulabschluss y el Realschulabschluss. Se realizan los mismos ex\u00e1menes finales que en las dem\u00e1s escuelas generales. Si existe una necesidad p\u00fablica, en particular un n\u00famero suficiente de alumnos, la escuela comunitaria puede ofrecer su propia escuela superior y, por tanto, tambi\u00e9n el Abitur. Adem\u00e1s, si se cumplen los requisitos pertinentes, es posible pasar a la escuela superior de una escuela de gram\u00e1tica general o a una escuela de gram\u00e1tica profesional.<\/p>\n\n\n\n<p><strong>Aprender en la escuela comunitaria<\/strong><\/p>\n\n\n\n<p>En la escuela comunitaria, la ense\u00f1anza se imparte en tres niveles diferentes. El nivel b\u00e1sico conduce al Hauptschulabschluss, el intermedio al Realschulabschluss y el ampliado al Abitur. El aprendizaje se organiza de forma estimulante para los alumnos. Se aprende tanto de forma aut\u00f3noma como en grupo. Tambi\u00e9n se utilizan m\u00e9todos de ense\u00f1anza tradicionales. Los alumnos aprenden bajo la direcci\u00f3n de los profesores. Los profesores asumen diferentes papeles: como gu\u00edas de aprendizaje, como entrenadores y como profesores tradicionales.<\/p>\n\n\n\n<p><strong>Hacer visible el progreso del aprendizaje<\/strong><\/p>\n\n\n\n<p>Muchos alumnos obtienen resultados diferentes en las distintas asignaturas. En la escuela comunitaria, excepto en las clases finales y posiblemente en la escuela superior, tienen la oportunidad, en las asignaturas individuales, de&nbsp;<strong>aprender a diferentes niveles<\/strong>. Para que todos los participantes puedan evaluar correctamente el progreso del aprendizaje, los alumnos suelen trabajar con cuadr\u00edculas de competencias. Los alumnos reciben respuestas a las preguntas sobre las respectivas \u00e1reas de aprendizaje: \"\u00bfQu\u00e9 puedo hacer?\" y \"\u00bfHasta qu\u00e9 punto puedo hacerlo?\". La parrilla de competencias permite planificar el propio proceso de aprendizaje, fijar objetivos y encontrar el propio ritmo de aprendizaje. Tambi\u00e9n proporciona una base central para los debates entre alumnos y profesores, as\u00ed como para&nbsp;<strong>Sesiones de asesoramiento con los padres<\/strong> creado.<\/p>\n\n\n\n<p>En lugar de un bolet\u00edn de notas en el que se eval\u00faa el rendimiento con calificaciones, los alumnos de la escuela comunitaria reciben un informe detallado sobre el desarrollo del aprendizaje. A petici\u00f3n de los padres, el informe puede completarse con notas.&nbsp;<strong>En la escuela comunitaria no hay \"Sitzenbleiben\".<\/strong>.<\/p>\n\n\n\n<p>Das Anmeldeformular f\u00fcr die Klasse 5 finden sie unter &#8222;Information Neue 5er&#8220; auf der Startseite.<\/p>\n\n\n\n<p><\/p>","protected":false},"excerpt":{"rendered":"<p>Die&nbsp;Gemeinschaftsschule&nbsp;ist eine leistungsorientierte Schule, die Kinder und Jugendliche mit unterschiedlichen Begabungen f\u00f6rdert. Alle Sch\u00fclerinnen und Sch\u00fcler lernen gemeinsam. M\u00f6gliche Schulabschl\u00fcsse an der Gemeinschaftsschule An der Gemeinschaftsschule k\u00f6nnen der Hauptschulabschluss und &hellip; <\/p>","protected":false},"author":1,"featured_media":0,"parent":336,"menu_order":0,"comment_status":"closed","ping_status":"closed","template":"","meta":{"footnotes":""},"class_list":["post-370","page","type-page","status-publish","hentry"],"_links":{"self":[{"href":"https:\/\/www.schulzentrum-stetten-akm.de\/es\/wp-json\/wp\/v2\/pages\/370","targetHints":{"allow":["GET"]}}],"collection":[{"href":"https:\/\/www.schulzentrum-stetten-akm.de\/es\/wp-json\/wp\/v2\/pages"}],"about":[{"href":"https:\/\/www.schulzentrum-stetten-akm.de\/es\/wp-json\/wp\/v2\/types\/page"}],"author":[{"embeddable":true,"href":"https:\/\/www.schulzentrum-stetten-akm.de\/es\/wp-json\/wp\/v2\/users\/1"}],"replies":[{"embeddable":true,"href":"https:\/\/www.schulzentrum-stetten-akm.de\/es\/wp-json\/wp\/v2\/comments?post=370"}],"version-history":[{"count":7,"href":"https:\/\/www.schulzentrum-stetten-akm.de\/es\/wp-json\/wp\/v2\/pages\/370\/revisions"}],"predecessor-version":[{"id":8587,"href":"https:\/\/www.schulzentrum-stetten-akm.de\/es\/wp-json\/wp\/v2\/pages\/370\/revisions\/8587"}],"up":[{"embeddable":true,"href":"https:\/\/www.schulzentrum-stetten-akm.de\/es\/wp-json\/wp\/v2\/pages\/336"}],"wp:attachment":[{"href":"https:\/\/www.schulzentrum-stetten-akm.de\/es\/wp-json\/wp\/v2\/media?parent=370"}],"curies":[{"name":"wp","href":"https:\/\/api.w.org\/{rel}","templated":true}]}}